{"id":96427,"date":"2025-10-12T14:06:43","date_gmt":"2025-10-12T14:06:43","guid":{"rendered":"https:\/\/constantinianorder.com\/delegations-constantiniennes-dans-le-monde-delegation-de-la-france\/"},"modified":"2026-03-24T17:36:56","modified_gmt":"2026-03-24T17:36:56","slug":"delegations-constantiniennes-dans-le-monde-delegation-de-la-france","status":"publish","type":"page","link":"https:\/\/constantinianorder.com\/fr\/delegations-constantiniennes-dans-le-monde-delegation-de-la-france\/","title":{"rendered":"D\u00e9l\u00e9gations Constantiniennes dans le Monde D\u00e9l\u00e9gation de la France"},"content":{"rendered":"\t\t<div data-elementor-type=\"wp-page\" data-elementor-id=\"96427\" class=\"elementor elementor-96427 elementor-2941\" data-elementor-post-type=\"page\">\n\t\t\t\t<div class=\"elementor-element elementor-element-5a00c533 elementor-hidden-desktop elementor-hidden-tablet_extra elementor-hidden-tablet elementor-hidden-mobile e-flex e-con-boxed e-con e-parent\" data-id=\"5a00c533\" data-element_type=\"container\">\n\t\t\t\t\t<div class=\"e-con-inner\">\n\t\t\t\t<div class=\"elementor-element elementor-element-59fb2a0b elementor-widget elementor-widget-image\" data-id=\"59fb2a0b\" data-element_type=\"widget\" data-widget_type=\"image.default\">\n\t\t\t\t\t\t\t\t\t\t\t\t\t\t\t<img fetchpriority=\"high\" decoding=\"async\" width=\"512\" height=\"512\" src=\"https:\/\/constantinianorder.com\/wp-content\/uploads\/2025\/10\/cropped-logo-costantiniano.webp\" class=\"attachment-full size-full wp-image-1065\" alt=\"sacro militare ordine costantiniano di san giorgio\" \/>\t\t\t\t\t\t\t\t\t\t\t\t\t\t\t<\/div>\n\t\t\t\t<div class=\"elementor-element elementor-element-1c840e62 elementor-widget elementor-widget-heading\" data-id=\"1c840e62\" data-element_type=\"widget\" data-widget_type=\"heading.default\">\n\t\t\t\t\t<h1 class=\"elementor-heading-title elementor-size-default\"><br>Ordre Constantinien D\u00e9l\u00e9gation de la France<\/h1>\t\t\t\t<\/div>\n\t\t\t\t<div class=\"elementor-element elementor-element-4503ae0e elementor-widget elementor-widget-text-editor\" data-id=\"4503ae0e\" data-element_type=\"widget\" data-widget_type=\"text-editor.default\">\n\t\t\t\t\t\t\t\t\t<p>Ordre Constantinien D\u00e9l\u00e9gation de la France, ordre chevaleresque catholique d\u2019antiques origines, aujourd\u2019hui plac\u00e9 sous le Grand Magist\u00e8re de la Maison Royale de Bourbon des Deux-Siciles, qui promeut la foi, la charit\u00e9 et l\u2019engagement social inspir\u00e9s par les valeurs chr\u00e9tiennes.<\/p><ul><li><a href=\"https:\/\/constantinianorder.net\" target=\"_blank\" rel=\"noopener\">constantinianorder.net<\/a><\/li><li><a href=\"https:\/\/realcasadiborbone.it\" target=\"_blank\" rel=\"noopener\">Maison Royale de Bourbon des Deux Siciles<\/a><\/li><li><a href=\"https:\/\/constantinianorder.com\/fr\/contacts\/\">contacts<\/a><\/li><\/ul>\t\t\t\t\t\t\t\t<\/div>\n\t\t\t\t\t<\/div>\n\t\t\t\t<\/div>\n\t\t<div class=\"elementor-element elementor-element-89fae7b e-flex e-con-boxed e-con e-parent\" data-id=\"89fae7b\" data-element_type=\"container\">\n\t\t\t\t\t<div class=\"e-con-inner\">\n\t\t<div class=\"elementor-element elementor-element-703e507 e-con-full e-flex e-con e-child\" data-id=\"703e507\" data-element_type=\"container\">\n\t\t\t\t<div class=\"elementor-element elementor-element-02f5c81 elementor-widget elementor-widget-image\" data-id=\"02f5c81\" data-element_type=\"widget\" data-widget_type=\"image.default\">\n\t\t\t\t\t\t\t\t\t\t\t\t\t\t\t<img decoding=\"async\" width=\"609\" height=\"457\" src=\"https:\/\/constantinianorder.com\/wp-content\/uploads\/2025\/10\/Delegazione-di-Francia.webp\" class=\"attachment-full size-full wp-image-3004\" alt=\"Delegazione di Francia\" \/>\t\t\t\t\t\t\t\t\t\t\t\t\t\t\t<\/div>\n\t\t\t\t<\/div>\n\t\t<div class=\"elementor-element elementor-element-fb1e4e0 e-con-full e-flex e-con e-child\" data-id=\"fb1e4e0\" data-element_type=\"container\">\n\t\t\t\t<div class=\"elementor-element elementor-element-805de92 elementor-widget elementor-widget-heading\" data-id=\"805de92\" data-element_type=\"widget\" data-widget_type=\"heading.default\">\n\t\t\t\t\t<h3 class=\"elementor-heading-title elementor-size-default\">D\u00e9l\u00e9gation de la France<\/h3>\t\t\t\t<\/div>\n\t\t\t\t<div class=\"elementor-element elementor-element-5e67ddc elementor-widget elementor-widget-spacer\" data-id=\"5e67ddc\" data-element_type=\"widget\" data-widget_type=\"spacer.default\">\n\t\t\t\t\t\t\t<div class=\"elementor-spacer\">\n\t\t\t<div class=\"elementor-spacer-inner\"><\/div>\n\t\t<\/div>\n\t\t\t\t\t\t<\/div>\n\t\t\t\t<div class=\"elementor-element elementor-element-7aee2de elementor-widget elementor-widget-heading\" data-id=\"7aee2de\" data-element_type=\"widget\" data-widget_type=\"heading.default\">\n\t\t\t\t\t<h2 class=\"elementor-heading-title elementor-size-default\">D\u00e9l\u00e9gu\u00e9\n<\/h2>\t\t\t\t<\/div>\n\t\t\t\t<div class=\"elementor-element elementor-element-c7a89ba elementor-widget elementor-widget-text-editor\" data-id=\"c7a89ba\" data-element_type=\"widget\" data-widget_type=\"text-editor.default\">\n\t\t\t\t\t\t\t\t\t<p>Avvocato Daniel Hurstel<br \/><em>Chevalier Commandeur de Justice<\/em><\/p><p>OEUVRES DE L\u2019ORDRE SACR\u00c9 ET MILITAIRE CONSTANTINIEN DE SAINT GEORGES<\/p><p>24 rue Saint Roch<br \/>75001 Paris 1<sup>er<\/sup><\/p>\t\t\t\t\t\t\t\t<\/div>\n\t\t\t\t<div class=\"elementor-element elementor-element-94ff4b9 elementor-widget elementor-widget-spacer\" data-id=\"94ff4b9\" data-element_type=\"widget\" data-widget_type=\"spacer.default\">\n\t\t\t\t\t\t\t<div class=\"elementor-spacer\">\n\t\t\t<div class=\"elementor-spacer-inner\"><\/div>\n\t\t<\/div>\n\t\t\t\t\t\t<\/div>\n\t\t\t\t<div class=\"elementor-element elementor-element-4b2877a elementor-widget elementor-widget-heading\" data-id=\"4b2877a\" data-element_type=\"widget\" data-widget_type=\"heading.default\">\n\t\t\t\t\t<h2 class=\"elementor-heading-title elementor-size-default\">Vice D\u00e9l\u00e9gu\u00e9<\/h2>\t\t\t\t<\/div>\n\t\t\t\t<div class=\"elementor-element elementor-element-c3d6442 elementor-widget elementor-widget-text-editor\" data-id=\"c3d6442\" data-element_type=\"widget\" data-widget_type=\"text-editor.default\">\n\t\t\t\t\t\t\t\t\t<p>Signora Sabine de la Rochefoucauld, Duchessa d\u2019Estissac <br \/><em>Dame Officier <\/em><em>de Justice<\/em><\/p>\t\t\t\t\t\t\t\t<\/div>\n\t\t\t\t<div class=\"elementor-element elementor-element-da5c3ca elementor-widget elementor-widget-spacer\" data-id=\"da5c3ca\" data-element_type=\"widget\" data-widget_type=\"spacer.default\">\n\t\t\t\t\t\t\t<div class=\"elementor-spacer\">\n\t\t\t<div class=\"elementor-spacer-inner\"><\/div>\n\t\t<\/div>\n\t\t\t\t\t\t<\/div>\n\t\t\t\t<div class=\"elementor-element elementor-element-739372d elementor-widget elementor-widget-heading\" data-id=\"739372d\" data-element_type=\"widget\" data-widget_type=\"heading.default\">\n\t\t\t\t\t<h2 class=\"elementor-heading-title elementor-size-default\">Tr\u00e9sorier <\/h2>\t\t\t\t<\/div>\n\t\t\t\t<div class=\"elementor-element elementor-element-64ac1b9 elementor-widget elementor-widget-text-editor\" data-id=\"64ac1b9\" data-element_type=\"widget\" data-widget_type=\"text-editor.default\">\n\t\t\t\t\t\t\t\t\t<p>Signor Bruno North<br \/><em>Chevalier Officier de M\u00e9rite<\/em><\/p>\t\t\t\t\t\t\t\t<\/div>\n\t\t\t\t<div class=\"elementor-element elementor-element-a0a30b1 elementor-widget elementor-widget-spacer\" data-id=\"a0a30b1\" data-element_type=\"widget\" data-widget_type=\"spacer.default\">\n\t\t\t\t\t\t\t<div class=\"elementor-spacer\">\n\t\t\t<div class=\"elementor-spacer-inner\"><\/div>\n\t\t<\/div>\n\t\t\t\t\t\t<\/div>\n\t\t\t\t<div class=\"elementor-element elementor-element-7d8ca7a elementor-widget elementor-widget-heading\" data-id=\"7d8ca7a\" data-element_type=\"widget\" data-widget_type=\"heading.default\">\n\t\t\t\t\t<h2 class=\"elementor-heading-title elementor-size-default\">Prieur <\/h2>\t\t\t\t<\/div>\n\t\t\t\t<div class=\"elementor-element elementor-element-d954651 elementor-widget elementor-widget-text-editor\" data-id=\"d954651\" data-element_type=\"widget\" data-widget_type=\"text-editor.default\">\n\t\t\t\t\t\t\t\t\t<p>S.E.R. Monsignore Luc Ravel<br \/><em>Chevalier de Grand-Croix de Gr\u00e2ce Eccl\u00e9siastique<\/em><\/p>\t\t\t\t\t\t\t\t<\/div>\n\t\t\t\t<div class=\"elementor-element elementor-element-d8f18b9 elementor-widget elementor-widget-spacer\" data-id=\"d8f18b9\" data-element_type=\"widget\" data-widget_type=\"spacer.default\">\n\t\t\t\t\t\t\t<div class=\"elementor-spacer\">\n\t\t\t<div class=\"elementor-spacer-inner\"><\/div>\n\t\t<\/div>\n\t\t\t\t\t\t<\/div>\n\t\t\t\t<div class=\"elementor-element elementor-element-9c98504 elementor-hidden-desktop elementor-hidden-tablet_extra elementor-hidden-tablet elementor-hidden-mobile elementor-widget elementor-widget-heading\" data-id=\"9c98504\" data-element_type=\"widget\" data-widget_type=\"heading.default\">\n\t\t\t\t\t<h2 class=\"elementor-heading-title elementor-size-default\">Vice Prieur<\/h2>\t\t\t\t<\/div>\n\t\t\t\t<div class=\"elementor-element elementor-element-91403f7 elementor-hidden-desktop elementor-hidden-tablet_extra elementor-hidden-tablet elementor-hidden-mobile elementor-widget elementor-widget-text-editor\" data-id=\"91403f7\" data-element_type=\"widget\" data-widget_type=\"text-editor.default\">\n\t\t\t\t\t\t\t\t\t<p>P\u00e8re Andreas Lango<\/p>\t\t\t\t\t\t\t\t<\/div>\n\t\t\t\t<div class=\"elementor-element elementor-element-194cc16 elementor-widget elementor-widget-heading\" data-id=\"194cc16\" data-element_type=\"widget\" data-widget_type=\"heading.default\">\n\t\t\t\t\t<h2 class=\"elementor-heading-title elementor-size-default\">Aum\u00f4nier<\/h2>\t\t\t\t<\/div>\n\t\t\t\t<div class=\"elementor-element elementor-element-9e9637b elementor-widget elementor-widget-text-editor\" data-id=\"9e9637b\" data-element_type=\"widget\" data-widget_type=\"text-editor.default\">\n\t\t\t\t\t\t\t\t\t<p>Abate Thierry Laurent<br \/><em>Chevalier Officier <\/em><em>de Gr\u00e2ce Eccl\u00e9siastique<\/em><\/p>\t\t\t\t\t\t\t\t<\/div>\n\t\t\t\t<div class=\"elementor-element elementor-element-9d74453 elementor-widget elementor-widget-spacer\" data-id=\"9d74453\" data-element_type=\"widget\" data-widget_type=\"spacer.default\">\n\t\t\t\t\t\t\t<div class=\"elementor-spacer\">\n\t\t\t<div class=\"elementor-spacer-inner\"><\/div>\n\t\t<\/div>\n\t\t\t\t\t\t<\/div>\n\t\t\t\t<div class=\"elementor-element elementor-element-9a44c13 elementor-widget elementor-widget-heading\" data-id=\"9a44c13\" data-element_type=\"widget\" data-widget_type=\"heading.default\">\n\t\t\t\t\t<h2 class=\"elementor-heading-title elementor-size-default\">Repr\u00e9sentant pour la Ville de Lourdes<\/h2>\t\t\t\t<\/div>\n\t\t\t\t<div class=\"elementor-element elementor-element-62d2e2c elementor-widget elementor-widget-text-editor\" data-id=\"62d2e2c\" data-element_type=\"widget\" data-widget_type=\"text-editor.default\">\n\t\t\t\t\t\t\t\t\t<p>Signor Angelo Giovanni Marciano<br \/><em>Chevalier Commandeur de M\u00e9rite<\/em><\/p>\t\t\t\t\t\t\t\t<\/div>\n\t\t\t\t<div class=\"elementor-element elementor-element-e8bdbe2 elementor-hidden-desktop elementor-hidden-tablet_extra elementor-hidden-tablet elementor-hidden-mobile elementor-widget elementor-widget-spacer\" data-id=\"e8bdbe2\" data-element_type=\"widget\" data-widget_type=\"spacer.default\">\n\t\t\t\t\t\t\t<div class=\"elementor-spacer\">\n\t\t\t<div class=\"elementor-spacer-inner\"><\/div>\n\t\t<\/div>\n\t\t\t\t\t\t<\/div>\n\t\t\t\t<div class=\"elementor-element elementor-element-2495935 elementor-hidden-desktop elementor-hidden-tablet_extra elementor-hidden-tablet elementor-hidden-mobile elementor-widget elementor-widget-heading\" data-id=\"2495935\" data-element_type=\"widget\" data-widget_type=\"heading.default\">\n\t\t\t\t\t<h2 class=\"elementor-heading-title elementor-size-default\">Secr\u00e9tariat<\/h2>\t\t\t\t<\/div>\n\t\t\t\t<div class=\"elementor-element elementor-element-c5a60a1 elementor-hidden-desktop elementor-hidden-tablet_extra elementor-hidden-tablet elementor-hidden-mobile elementor-widget elementor-widget-text-editor\" data-id=\"c5a60a1\" data-element_type=\"widget\" data-widget_type=\"text-editor.default\">\n\t\t\t\t\t\t\t\t\t\/\t\t\t\t\t\t\t\t<\/div>\n\t\t\t\t<\/div>\n\t\t<div class=\"elementor-element elementor-element-99991af e-con-full e-flex e-con e-child\" data-id=\"99991af\" data-element_type=\"container\" data-settings=\"{&quot;background_background&quot;:&quot;classic&quot;}\">\n\t\t\t\t<div class=\"elementor-element elementor-element-6dc1345 elementor-widget elementor-widget-heading\" data-id=\"6dc1345\" data-element_type=\"widget\" data-widget_type=\"heading.default\">\n\t\t\t\t\t<h3 class=\"elementor-heading-title elementor-size-default\">Activit\u00e9s r\u00e9centes<\/h3>\t\t\t\t<\/div>\n\t\t\t\t<div class=\"elementor-element elementor-element-488fd5c elementor-position-top elementor-position-top elementor-widget elementor-widget-image-box\" data-id=\"488fd5c\" data-element_type=\"widget\" data-widget_type=\"image-box.default\">\n\t\t\t\t\t<div class=\"elementor-image-box-wrapper\"><figure class=\"elementor-image-box-img\"><a href=\"https:\/\/constantinianorder.com\/fr\/category\/news\/nouvelles-des-delegations\/delegations-dans-le-monde\/delegation-de-france\/\" tabindex=\"-1\"><img decoding=\"async\" width=\"250\" height=\"250\" src=\"https:\/\/constantinianorder.com\/wp-content\/uploads\/2025\/12\/croce-costantiniana3.webp\" class=\"elementor-animation-bounce-in attachment-full size-full wp-image-99887\" alt=\"\" srcset=\"https:\/\/constantinianorder.com\/wp-content\/uploads\/2025\/12\/croce-costantiniana3.webp 250w, https:\/\/constantinianorder.com\/wp-content\/uploads\/2025\/12\/croce-costantiniana3-150x150.webp 150w\" sizes=\"(max-width: 250px) 100vw, 250px\" \/><\/a><\/figure><div class=\"elementor-image-box-content\"><h3 class=\"elementor-image-box-title\"><a href=\"https:\/\/constantinianorder.com\/fr\/category\/news\/nouvelles-des-delegations\/delegations-dans-le-monde\/delegation-de-france\/\">Archives des activit\u00e9s<\/a><\/h3><\/div><\/div>\t\t\t\t<\/div>\n\t\t\t\t<div class=\"elementor-element elementor-element-9fd86a3 elementor-widget elementor-widget-hotspot\" data-id=\"9fd86a3\" data-element_type=\"widget\" data-settings=\"{&quot;hotspot&quot;:[{&quot;_id&quot;:&quot;6cb3441&quot;,&quot;hotspot_link&quot;:{&quot;url&quot;:&quot;https:\\\/\\\/constantinianorder.com\\\/fr\\\/delegations-constantiniennes-dans-le-monde-delegation-pour-lautriche\\\/&quot;,&quot;is_external&quot;:&quot;&quot;,&quot;nofollow&quot;:&quot;&quot;,&quot;custom_attributes&quot;:&quot;&quot;},&quot;hotspot_icon_spacing&quot;:{&quot;unit&quot;:&quot;px&quot;,&quot;size&quot;:10,&quot;sizes&quot;:[]},&quot;hotspot_tooltip_content&quot;:&quot;&lt;p&gt;Autriche&lt;\\\/p&gt;\\n&quot;,&quot;hotspot_offset_x&quot;:{&quot;unit&quot;:&quot;%&quot;,&quot;size&quot;:53,&quot;sizes&quot;:[]},&quot;hotspot_offset_y&quot;:{&quot;unit&quot;:&quot;%&quot;,&quot;size&quot;:35,&quot;sizes&quot;:[]},&quot;hotspot_tooltip_position&quot;:&quot;yes&quot;,&quot;hotspot_position&quot;:&quot;bottom&quot;,&quot;hotspot_tooltip_width&quot;:{&quot;unit&quot;:&quot;px&quot;,&quot;size&quot;:0,&quot;sizes&quot;:[]},&quot;hotspot_custom_size&quot;:&quot;&quot;,&quot;hotspot_width&quot;:{&quot;unit&quot;:&quot;px&quot;,&quot;size&quot;:0,&quot;sizes&quot;:[]},&quot;__dynamic__&quot;:null,&quot;hotspot_label&quot;:&quot;&quot;,&quot;hotspot_icon&quot;:{&quot;value&quot;:&quot;&quot;,&quot;library&quot;:&quot;&quot;},&quot;hotspot_horizontal&quot;:&quot;left&quot;,&quot;hotspot_vertical&quot;:&quot;top&quot;},{&quot;hotspot_link&quot;:{&quot;url&quot;:&quot;https:\\\/\\\/constantinianorder.com\\\/fr\\\/delegations-constantiniennes-dans-le-monde-delegation-de-la-belgique\\\/&quot;,&quot;is_external&quot;:&quot;&quot;,&quot;nofollow&quot;:&quot;&quot;,&quot;custom_attributes&quot;:&quot;&quot;},&quot;hotspot_icon_spacing&quot;:{&quot;unit&quot;:&quot;px&quot;,&quot;size&quot;:10,&quot;sizes&quot;:[]},&quot;hotspot_tooltip_content&quot;:&quot;&lt;p&gt;Belgique&lt;\\\/p&gt;\\n&quot;,&quot;hotspot_offset_y&quot;:{&quot;unit&quot;:&quot;%&quot;,&quot;size&quot;:33,&quot;sizes&quot;:[]},&quot;hotspot_tooltip_position&quot;:&quot;yes&quot;,&quot;hotspot_position&quot;:&quot;bottom&quot;,&quot;hotspot_tooltip_width&quot;:{&quot;unit&quot;:&quot;px&quot;,&quot;size&quot;:0,&quot;sizes&quot;:[]},&quot;_id&quot;:&quot;16187b1&quot;,&quot;__dynamic__&quot;:null,&quot;hotspot_label&quot;:&quot;&quot;,&quot;hotspot_icon&quot;:{&quot;value&quot;:&quot;&quot;,&quot;library&quot;:&quot;&quot;},&quot;hotspot_custom_size&quot;:&quot;no&quot;,&quot;hotspot_horizontal&quot;:&quot;left&quot;,&quot;hotspot_vertical&quot;:&quot;top&quot;},{&quot;hotspot_link&quot;:{&quot;url&quot;:&quot;https:\\\/\\\/constantinianorder.com\\\/fr\\\/delegations-constantiniennes-dans-le-monde-delegation-de-la-france\\\/&quot;,&quot;is_external&quot;:&quot;&quot;,&quot;nofollow&quot;:&quot;&quot;,&quot;custom_attributes&quot;:&quot;&quot;},&quot;hotspot_icon_spacing&quot;:{&quot;unit&quot;:&quot;px&quot;,&quot;size&quot;:10,&quot;sizes&quot;:[]},&quot;hotspot_tooltip_content&quot;:&quot;&lt;p&gt;France&lt;\\\/p&gt;\\n&quot;,&quot;hotspot_offset_x&quot;:{&quot;unit&quot;:&quot;%&quot;,&quot;size&quot;:49,&quot;sizes&quot;:[]},&quot;hotspot_offset_y&quot;:{&quot;unit&quot;:&quot;%&quot;,&quot;size&quot;:36,&quot;sizes&quot;:[]},&quot;hotspot_tooltip_position&quot;:&quot;yes&quot;,&quot;hotspot_position&quot;:&quot;bottom&quot;,&quot;hotspot_tooltip_width&quot;:{&quot;unit&quot;:&quot;px&quot;,&quot;size&quot;:0,&quot;sizes&quot;:[]},&quot;_id&quot;:&quot;1b49197&quot;,&quot;__dynamic__&quot;:null,&quot;hotspot_label&quot;:&quot;&quot;,&quot;hotspot_icon&quot;:{&quot;value&quot;:&quot;&quot;,&quot;library&quot;:&quot;&quot;},&quot;hotspot_custom_size&quot;:&quot;no&quot;,&quot;hotspot_horizontal&quot;:&quot;left&quot;,&quot;hotspot_vertical&quot;:&quot;top&quot;},{&quot;hotspot_link&quot;:{&quot;url&quot;:&quot;https:\\\/\\\/constantinianorder.com\\\/fr\\\/delegations-constantiniennes-dans-le-monde-delegation-de-lallemagne\\\/&quot;,&quot;is_external&quot;:&quot;&quot;,&quot;nofollow&quot;:&quot;&quot;,&quot;custom_attributes&quot;:&quot;&quot;},&quot;hotspot_icon_spacing&quot;:{&quot;unit&quot;:&quot;px&quot;,&quot;size&quot;:10,&quot;sizes&quot;:[]},&quot;hotspot_tooltip_content&quot;:&quot;&lt;p&gt;Allemagne&lt;\\\/p&gt;\\n&quot;,&quot;hotspot_offset_x&quot;:{&quot;unit&quot;:&quot;%&quot;,&quot;size&quot;:52,&quot;sizes&quot;:[]},&quot;hotspot_offset_y&quot;:{&quot;unit&quot;:&quot;%&quot;,&quot;size&quot;:33,&quot;sizes&quot;:[]},&quot;hotspot_tooltip_position&quot;:&quot;yes&quot;,&quot;hotspot_position&quot;:&quot;bottom&quot;,&quot;hotspot_tooltip_width&quot;:{&quot;unit&quot;:&quot;px&quot;,&quot;size&quot;:0,&quot;sizes&quot;:[]},&quot;_id&quot;:&quot;ca61623&quot;,&quot;__dynamic__&quot;:null,&quot;hotspot_label&quot;:&quot;&quot;,&quot;hotspot_icon&quot;:{&quot;value&quot;:&quot;&quot;,&quot;library&quot;:&quot;&quot;},&quot;hotspot_custom_size&quot;:&quot;no&quot;,&quot;hotspot_horizontal&quot;:&quot;left&quot;,&quot;hotspot_vertical&quot;:&quot;top&quot;},{&quot;hotspot_link&quot;:{&quot;url&quot;:&quot;https:\\\/\\\/constantinianorder.com\\\/fr\\\/delegations-constantiniennes-dans-le-monde-delegation-de-grande-bretagne-et-irlande\\\/&quot;,&quot;is_external&quot;:&quot;&quot;,&quot;nofollow&quot;:&quot;&quot;,&quot;custom_attributes&quot;:&quot;&quot;},&quot;hotspot_icon_spacing&quot;:{&quot;unit&quot;:&quot;px&quot;,&quot;size&quot;:10,&quot;sizes&quot;:[]},&quot;hotspot_tooltip_content&quot;:&quot;&lt;p&gt;Grande Bretagne et Irlande&lt;\\\/p&gt;\\n&quot;,&quot;hotspot_offset_x&quot;:{&quot;unit&quot;:&quot;%&quot;,&quot;size&quot;:48,&quot;sizes&quot;:[]},&quot;hotspot_offset_y&quot;:{&quot;unit&quot;:&quot;%&quot;,&quot;size&quot;:31,&quot;sizes&quot;:[]},&quot;hotspot_tooltip_position&quot;:&quot;yes&quot;,&quot;hotspot_position&quot;:&quot;bottom&quot;,&quot;hotspot_tooltip_width&quot;:{&quot;unit&quot;:&quot;px&quot;,&quot;size&quot;:0,&quot;sizes&quot;:[]},&quot;_id&quot;:&quot;09f3d61&quot;,&quot;__dynamic__&quot;:null,&quot;hotspot_label&quot;:&quot;&quot;,&quot;hotspot_icon&quot;:{&quot;value&quot;:&quot;&quot;,&quot;library&quot;:&quot;&quot;},&quot;hotspot_custom_size&quot;:&quot;no&quot;,&quot;hotspot_horizontal&quot;:&quot;left&quot;,&quot;hotspot_vertical&quot;:&quot;top&quot;},{&quot;hotspot_link&quot;:{&quot;url&quot;:&quot;https:\\\/\\\/constantinianorder.com\\\/fr\\\/delegations-constantiniennes-dans-le-monde-delegation-pour-le-luxembourg\\\/&quot;,&quot;is_external&quot;:&quot;&quot;,&quot;nofollow&quot;:&quot;&quot;,&quot;custom_attributes&quot;:&quot;&quot;},&quot;hotspot_icon_spacing&quot;:{&quot;unit&quot;:&quot;px&quot;,&quot;size&quot;:10,&quot;sizes&quot;:[]},&quot;hotspot_tooltip_content&quot;:&quot;&lt;p&gt;Luxembourg&lt;\\\/p&gt;\\n&quot;,&quot;hotspot_offset_y&quot;:{&quot;unit&quot;:&quot;%&quot;,&quot;size&quot;:35,&quot;sizes&quot;:[]},&quot;hotspot_tooltip_position&quot;:&quot;yes&quot;,&quot;hotspot_position&quot;:&quot;bottom&quot;,&quot;hotspot_tooltip_width&quot;:{&quot;unit&quot;:&quot;px&quot;,&quot;size&quot;:0,&quot;sizes&quot;:[]},&quot;_id&quot;:&quot;6575f34&quot;,&quot;__dynamic__&quot;:null,&quot;hotspot_label&quot;:&quot;&quot;,&quot;hotspot_icon&quot;:{&quot;value&quot;:&quot;&quot;,&quot;library&quot;:&quot;&quot;},&quot;hotspot_custom_size&quot;:&quot;no&quot;,&quot;hotspot_horizontal&quot;:&quot;left&quot;,&quot;hotspot_vertical&quot;:&quot;top&quot;},{&quot;hotspot_link&quot;:{&quot;url&quot;:&quot;https:\\\/\\\/constantinianorder.com\\\/fr\\\/delegations-constantiniennes-dans-le-monde-delegation-de-malte\\\/&quot;,&quot;is_external&quot;:&quot;&quot;,&quot;nofollow&quot;:&quot;&quot;,&quot;custom_attributes&quot;:&quot;&quot;},&quot;hotspot_icon_spacing&quot;:{&quot;unit&quot;:&quot;px&quot;,&quot;size&quot;:10,&quot;sizes&quot;:[]},&quot;hotspot_tooltip_content&quot;:&quot;&lt;p&gt;Malta&lt;\\\/p&gt;\\n&quot;,&quot;hotspot_offset_y&quot;:{&quot;unit&quot;:&quot;%&quot;,&quot;size&quot;:44,&quot;sizes&quot;:[]},&quot;hotspot_tooltip_position&quot;:&quot;yes&quot;,&quot;hotspot_position&quot;:&quot;bottom&quot;,&quot;hotspot_tooltip_width&quot;:{&quot;unit&quot;:&quot;px&quot;,&quot;size&quot;:0,&quot;sizes&quot;:[]},&quot;_id&quot;:&quot;c8d7534&quot;,&quot;hotspot_offset_x&quot;:{&quot;unit&quot;:&quot;%&quot;,&quot;size&quot;:53,&quot;sizes&quot;:[]},&quot;__dynamic__&quot;:null,&quot;hotspot_label&quot;:&quot;&quot;,&quot;hotspot_icon&quot;:{&quot;value&quot;:&quot;&quot;,&quot;library&quot;:&quot;&quot;},&quot;hotspot_custom_size&quot;:&quot;no&quot;,&quot;hotspot_horizontal&quot;:&quot;left&quot;,&quot;hotspot_vertical&quot;:&quot;top&quot;},{&quot;hotspot_link&quot;:{&quot;url&quot;:&quot;https:\\\/\\\/constantinianorder.com\\\/fr\\\/delegations-constantiniennes-dans-le-monde-delegation-de-monaco\\\/&quot;,&quot;is_external&quot;:&quot;&quot;,&quot;nofollow&quot;:&quot;&quot;,&quot;custom_attributes&quot;:&quot;&quot;},&quot;hotspot_icon_spacing&quot;:{&quot;unit&quot;:&quot;px&quot;,&quot;size&quot;:10,&quot;sizes&quot;:[]},&quot;hotspot_tooltip_content&quot;:&quot;&lt;p&gt;Monaco&lt;\\\/p&gt;\\n&quot;,&quot;hotspot_offset_y&quot;:{&quot;unit&quot;:&quot;%&quot;,&quot;size&quot;:38,&quot;sizes&quot;:[]},&quot;hotspot_tooltip_position&quot;:&quot;yes&quot;,&quot;hotspot_position&quot;:&quot;bottom&quot;,&quot;hotspot_tooltip_width&quot;:{&quot;unit&quot;:&quot;px&quot;,&quot;size&quot;:0,&quot;sizes&quot;:[]},&quot;_id&quot;:&quot;cbafdb9&quot;,&quot;__dynamic__&quot;:null,&quot;hotspot_label&quot;:&quot;&quot;,&quot;hotspot_icon&quot;:{&quot;value&quot;:&quot;&quot;,&quot;library&quot;:&quot;&quot;},&quot;hotspot_custom_size&quot;:&quot;no&quot;,&quot;hotspot_horizontal&quot;:&quot;left&quot;,&quot;hotspot_vertical&quot;:&quot;top&quot;},{&quot;hotspot_link&quot;:{&quot;url&quot;:&quot;https:\\\/\\\/constantinianorder.com\\\/fr\\\/delegations-constantiniennes-dans-le-monde-delegation-des-pays-bas\\\/&quot;,&quot;is_external&quot;:&quot;&quot;,&quot;nofollow&quot;:&quot;&quot;,&quot;custom_attributes&quot;:&quot;&quot;},&quot;hotspot_icon_spacing&quot;:{&quot;unit&quot;:&quot;px&quot;,&quot;size&quot;:10,&quot;sizes&quot;:[]},&quot;hotspot_tooltip_content&quot;:&quot;&lt;p&gt;Pays Bas&lt;\\\/p&gt;\\n&quot;,&quot;hotspot_offset_y&quot;:{&quot;unit&quot;:&quot;%&quot;,&quot;size&quot;:31,&quot;sizes&quot;:[]},&quot;hotspot_tooltip_position&quot;:&quot;yes&quot;,&quot;hotspot_position&quot;:&quot;bottom&quot;,&quot;hotspot_tooltip_width&quot;:{&quot;unit&quot;:&quot;px&quot;,&quot;size&quot;:0,&quot;sizes&quot;:[]},&quot;_id&quot;:&quot;d0198dd&quot;,&quot;__dynamic__&quot;:null,&quot;hotspot_label&quot;:&quot;&quot;,&quot;hotspot_icon&quot;:{&quot;value&quot;:&quot;&quot;,&quot;library&quot;:&quot;&quot;},&quot;hotspot_custom_size&quot;:&quot;no&quot;,&quot;hotspot_horizontal&quot;:&quot;left&quot;,&quot;hotspot_vertical&quot;:&quot;top&quot;},{&quot;hotspot_link&quot;:{&quot;url&quot;:&quot;https:\\\/\\\/constantinianorder.com\\\/fr\\\/delegations-constantiniennes-dans-le-monde-delegation-du-portugal\\\/&quot;,&quot;is_external&quot;:&quot;&quot;,&quot;nofollow&quot;:&quot;&quot;,&quot;custom_attributes&quot;:&quot;&quot;},&quot;hotspot_icon_spacing&quot;:{&quot;unit&quot;:&quot;px&quot;,&quot;size&quot;:10,&quot;sizes&quot;:[]},&quot;hotspot_tooltip_content&quot;:&quot;&lt;p&gt;Portugal&lt;\\\/p&gt;\\n&quot;,&quot;hotspot_offset_x&quot;:{&quot;unit&quot;:&quot;%&quot;,&quot;size&quot;:46,&quot;sizes&quot;:[]},&quot;hotspot_offset_y&quot;:{&quot;unit&quot;:&quot;%&quot;,&quot;size&quot;:41,&quot;sizes&quot;:[]},&quot;hotspot_tooltip_position&quot;:&quot;yes&quot;,&quot;hotspot_position&quot;:&quot;bottom&quot;,&quot;hotspot_tooltip_width&quot;:{&quot;unit&quot;:&quot;px&quot;,&quot;size&quot;:0,&quot;sizes&quot;:[]},&quot;_id&quot;:&quot;2dd2286&quot;,&quot;__dynamic__&quot;:null,&quot;hotspot_label&quot;:&quot;&quot;,&quot;hotspot_icon&quot;:{&quot;value&quot;:&quot;&quot;,&quot;library&quot;:&quot;&quot;},&quot;hotspot_custom_size&quot;:&quot;no&quot;,&quot;hotspot_horizontal&quot;:&quot;left&quot;,&quot;hotspot_vertical&quot;:&quot;top&quot;},{&quot;hotspot_link&quot;:{&quot;url&quot;:&quot;https:\\\/\\\/constantinianorder.com\\\/fr\\\/delegations-constantiniennes-dans-le-monde-delegation-de-lespagne\\\/&quot;,&quot;is_external&quot;:&quot;&quot;,&quot;nofollow&quot;:&quot;&quot;,&quot;custom_attributes&quot;:&quot;&quot;},&quot;hotspot_icon_spacing&quot;:{&quot;unit&quot;:&quot;px&quot;,&quot;size&quot;:10,&quot;sizes&quot;:[]},&quot;hotspot_tooltip_content&quot;:&quot;&lt;p&gt;Espain&lt;\\\/p&gt;\\n&quot;,&quot;hotspot_offset_x&quot;:{&quot;unit&quot;:&quot;%&quot;,&quot;size&quot;:48,&quot;sizes&quot;:[]},&quot;hotspot_offset_y&quot;:{&quot;unit&quot;:&quot;%&quot;,&quot;size&quot;:40,&quot;sizes&quot;:[]},&quot;hotspot_tooltip_position&quot;:&quot;yes&quot;,&quot;hotspot_position&quot;:&quot;bottom&quot;,&quot;hotspot_tooltip_width&quot;:{&quot;unit&quot;:&quot;px&quot;,&quot;size&quot;:0,&quot;sizes&quot;:[]},&quot;_id&quot;:&quot;35f6859&quot;,&quot;__dynamic__&quot;:null,&quot;hotspot_label&quot;:&quot;&quot;,&quot;hotspot_icon&quot;:{&quot;value&quot;:&quot;&quot;,&quot;library&quot;:&quot;&quot;},&quot;hotspot_custom_size&quot;:&quot;no&quot;,&quot;hotspot_horizontal&quot;:&quot;left&quot;,&quot;hotspot_vertical&quot;:&quot;top&quot;},{&quot;hotspot_link&quot;:{&quot;url&quot;:&quot;https:\\\/\\\/constantinianorder.com\\\/fr\\\/delegations-constantiniennes-dans-le-monde-delegation-de-suisse\\\/&quot;,&quot;is_external&quot;:&quot;&quot;,&quot;nofollow&quot;:&quot;&quot;,&quot;custom_attributes&quot;:&quot;&quot;},&quot;hotspot_icon_spacing&quot;:{&quot;unit&quot;:&quot;px&quot;,&quot;size&quot;:10,&quot;sizes&quot;:[]},&quot;hotspot_tooltip_content&quot;:&quot;&lt;p&gt;Suisse&lt;\\\/p&gt;\\n&quot;,&quot;hotspot_offset_x&quot;:{&quot;unit&quot;:&quot;%&quot;,&quot;size&quot;:51,&quot;sizes&quot;:[]},&quot;hotspot_offset_y&quot;:{&quot;unit&quot;:&quot;%&quot;,&quot;size&quot;:36,&quot;sizes&quot;:[]},&quot;hotspot_tooltip_position&quot;:&quot;yes&quot;,&quot;hotspot_position&quot;:&quot;bottom&quot;,&quot;hotspot_tooltip_width&quot;:{&quot;unit&quot;:&quot;px&quot;,&quot;size&quot;:0,&quot;sizes&quot;:[]},&quot;_id&quot;:&quot;4686a4b&quot;,&quot;__dynamic__&quot;:null,&quot;hotspot_label&quot;:&quot;&quot;,&quot;hotspot_icon&quot;:{&quot;value&quot;:&quot;&quot;,&quot;library&quot;:&quot;&quot;},&quot;hotspot_custom_size&quot;:&quot;no&quot;,&quot;hotspot_horizontal&quot;:&quot;left&quot;,&quot;hotspot_vertical&quot;:&quot;top&quot;},{&quot;hotspot_link&quot;:{&quot;url&quot;:&quot;https:\\\/\\\/constantinianorder.com\\\/fr\\\/delegations-constantiniennes-dans-le-monde-delegation-de-la-hongrie\\\/&quot;,&quot;is_external&quot;:&quot;&quot;,&quot;nofollow&quot;:&quot;&quot;,&quot;custom_attributes&quot;:&quot;&quot;},&quot;hotspot_icon_spacing&quot;:{&quot;unit&quot;:&quot;px&quot;,&quot;size&quot;:10,&quot;sizes&quot;:[]},&quot;hotspot_tooltip_content&quot;:&quot;&lt;p&gt;Hongrie&lt;\\\/p&gt;\\n&quot;,&quot;hotspot_offset_x&quot;:{&quot;unit&quot;:&quot;%&quot;,&quot;size&quot;:55,&quot;sizes&quot;:[]},&quot;hotspot_offset_y&quot;:{&quot;unit&quot;:&quot;%&quot;,&quot;size&quot;:35,&quot;sizes&quot;:[]},&quot;hotspot_tooltip_position&quot;:&quot;yes&quot;,&quot;hotspot_position&quot;:&quot;bottom&quot;,&quot;hotspot_tooltip_width&quot;:{&quot;unit&quot;:&quot;px&quot;,&quot;size&quot;:0,&quot;sizes&quot;:[]},&quot;_id&quot;:&quot;245fb6a&quot;,&quot;__dynamic__&quot;:null,&quot;hotspot_label&quot;:&quot;&quot;,&quot;hotspot_icon&quot;:{&quot;value&quot;:&quot;&quot;,&quot;library&quot;:&quot;&quot;},&quot;hotspot_custom_size&quot;:&quot;no&quot;,&quot;hotspot_horizontal&quot;:&quot;left&quot;,&quot;hotspot_vertical&quot;:&quot;top&quot;},{&quot;hotspot_link&quot;:{&quot;url&quot;:&quot;https:\\\/\\\/constantinianorder.com\\\/fr\\\/delegations-constantiniennes-dans-le-monde-delegation-dargentine\\\/&quot;,&quot;is_external&quot;:&quot;&quot;,&quot;nofollow&quot;:&quot;&quot;,&quot;custom_attributes&quot;:&quot;&quot;},&quot;hotspot_icon_spacing&quot;:{&quot;unit&quot;:&quot;px&quot;,&quot;size&quot;:10,&quot;sizes&quot;:[]},&quot;hotspot_tooltip_content&quot;:&quot;&lt;p&gt;Argentine&lt;\\\/p&gt;\\n&quot;,&quot;hotspot_offset_x&quot;:{&quot;unit&quot;:&quot;%&quot;,&quot;size&quot;:30,&quot;sizes&quot;:[]},&quot;hotspot_offset_y&quot;:{&quot;unit&quot;:&quot;%&quot;,&quot;size&quot;:83,&quot;sizes&quot;:[]},&quot;hotspot_tooltip_position&quot;:&quot;yes&quot;,&quot;hotspot_position&quot;:&quot;bottom&quot;,&quot;hotspot_tooltip_width&quot;:{&quot;unit&quot;:&quot;px&quot;,&quot;size&quot;:0,&quot;sizes&quot;:[]},&quot;_id&quot;:&quot;dad9e37&quot;,&quot;__dynamic__&quot;:null,&quot;hotspot_label&quot;:&quot;&quot;,&quot;hotspot_icon&quot;:{&quot;value&quot;:&quot;&quot;,&quot;library&quot;:&quot;&quot;},&quot;hotspot_custom_size&quot;:&quot;no&quot;,&quot;hotspot_horizontal&quot;:&quot;left&quot;,&quot;hotspot_vertical&quot;:&quot;top&quot;},{&quot;hotspot_link&quot;:{&quot;url&quot;:&quot;https:\\\/\\\/constantinianorder.com\\\/fr\\\/delegations-constantiniennes-dans-le-monde-delegation-du-bresil\\\/&quot;,&quot;is_external&quot;:&quot;&quot;,&quot;nofollow&quot;:&quot;&quot;,&quot;custom_attributes&quot;:&quot;&quot;},&quot;hotspot_icon_spacing&quot;:{&quot;unit&quot;:&quot;px&quot;,&quot;size&quot;:10,&quot;sizes&quot;:[]},&quot;hotspot_tooltip_content&quot;:&quot;&lt;p&gt;Br\\u00e9sil&lt;\\\/p&gt;\\n&quot;,&quot;hotspot_offset_x&quot;:{&quot;unit&quot;:&quot;%&quot;,&quot;size&quot;:34,&quot;sizes&quot;:[]},&quot;hotspot_offset_y&quot;:{&quot;unit&quot;:&quot;%&quot;,&quot;size&quot;:72,&quot;sizes&quot;:[]},&quot;hotspot_tooltip_position&quot;:&quot;yes&quot;,&quot;hotspot_position&quot;:&quot;bottom&quot;,&quot;hotspot_tooltip_width&quot;:{&quot;unit&quot;:&quot;px&quot;,&quot;size&quot;:0,&quot;sizes&quot;:[]},&quot;_id&quot;:&quot;98841ed&quot;,&quot;__dynamic__&quot;:null,&quot;hotspot_label&quot;:&quot;&quot;,&quot;hotspot_icon&quot;:{&quot;value&quot;:&quot;&quot;,&quot;library&quot;:&quot;&quot;},&quot;hotspot_custom_size&quot;:&quot;no&quot;,&quot;hotspot_horizontal&quot;:&quot;left&quot;,&quot;hotspot_vertical&quot;:&quot;top&quot;},{&quot;hotspot_link&quot;:{&quot;url&quot;:&quot;https:\\\/\\\/constantinianorder.com\\\/fr\\\/delegations-constantiniennes-dans-le-monde-delegation-du-sud-est-asiatique\\\/&quot;,&quot;is_external&quot;:&quot;&quot;,&quot;nofollow&quot;:&quot;&quot;,&quot;custom_attributes&quot;:&quot;&quot;},&quot;hotspot_icon_spacing&quot;:{&quot;unit&quot;:&quot;px&quot;,&quot;size&quot;:10,&quot;sizes&quot;:[]},&quot;hotspot_tooltip_content&quot;:&quot;&lt;p&gt;Sud-Est Asiatique&lt;\\\/p&gt;\\n&quot;,&quot;hotspot_offset_x&quot;:{&quot;unit&quot;:&quot;%&quot;,&quot;size&quot;:83,&quot;sizes&quot;:[]},&quot;hotspot_offset_y&quot;:{&quot;unit&quot;:&quot;%&quot;,&quot;size&quot;:65,&quot;sizes&quot;:[]},&quot;hotspot_tooltip_position&quot;:&quot;yes&quot;,&quot;hotspot_position&quot;:&quot;bottom&quot;,&quot;hotspot_tooltip_width&quot;:{&quot;unit&quot;:&quot;px&quot;,&quot;size&quot;:0,&quot;sizes&quot;:[]},&quot;_id&quot;:&quot;f5ee921&quot;,&quot;hotspot_offset_x_mobile&quot;:{&quot;unit&quot;:&quot;px&quot;,&quot;size&quot;:77,&quot;sizes&quot;:[]},&quot;hotspot_offset_y_mobile&quot;:{&quot;unit&quot;:&quot;px&quot;,&quot;size&quot;:62,&quot;sizes&quot;:[]},&quot;__dynamic__&quot;:null,&quot;hotspot_label&quot;:&quot;&quot;,&quot;hotspot_icon&quot;:{&quot;value&quot;:&quot;&quot;,&quot;library&quot;:&quot;&quot;},&quot;hotspot_custom_size&quot;:&quot;no&quot;,&quot;hotspot_horizontal&quot;:&quot;left&quot;,&quot;hotspot_vertical&quot;:&quot;top&quot;},{&quot;hotspot_link&quot;:{&quot;url&quot;:&quot;https:\\\/\\\/constantinianorder.com\\\/fr\\\/delegations-constantiniennes-dans-le-monde-delegation-des-etats-unis-damerique\\\/&quot;,&quot;is_external&quot;:&quot;&quot;,&quot;nofollow&quot;:&quot;&quot;,&quot;custom_attributes&quot;:&quot;&quot;},&quot;hotspot_icon_spacing&quot;:{&quot;unit&quot;:&quot;px&quot;,&quot;size&quot;:10,&quot;sizes&quot;:[]},&quot;hotspot_tooltip_content&quot;:&quot;&lt;p&gt;\\u00c9tats-Unis d\\u2019Am\\u00e9rique&lt;\\\/p&gt;\\n&quot;,&quot;hotspot_offset_x&quot;:{&quot;unit&quot;:&quot;%&quot;,&quot;size&quot;:20,&quot;sizes&quot;:[]},&quot;hotspot_offset_y&quot;:{&quot;unit&quot;:&quot;%&quot;,&quot;size&quot;:42,&quot;sizes&quot;:[]},&quot;hotspot_tooltip_position&quot;:&quot;yes&quot;,&quot;hotspot_position&quot;:&quot;bottom&quot;,&quot;hotspot_tooltip_width&quot;:{&quot;unit&quot;:&quot;px&quot;,&quot;size&quot;:0,&quot;sizes&quot;:[]},&quot;_id&quot;:&quot;9dd5302&quot;,&quot;__dynamic__&quot;:null,&quot;hotspot_label&quot;:&quot;&quot;,&quot;hotspot_icon&quot;:{&quot;value&quot;:&quot;&quot;,&quot;library&quot;:&quot;&quot;},&quot;hotspot_custom_size&quot;:&quot;no&quot;,&quot;hotspot_horizontal&quot;:&quot;left&quot;,&quot;hotspot_vertical&quot;:&quot;top&quot;},{&quot;hotspot_link&quot;:{&quot;url&quot;:&quot;https:\\\/\\\/constantinianorder.com\\\/fr\\\/delegations-constantiniennes-dans-le-monde-delegation-a-lo-n-u-ecosoc\\\/&quot;,&quot;is_external&quot;:&quot;&quot;,&quot;nofollow&quot;:&quot;&quot;,&quot;custom_attributes&quot;:&quot;&quot;},&quot;hotspot_icon_spacing&quot;:{&quot;unit&quot;:&quot;px&quot;,&quot;size&quot;:10,&quot;sizes&quot;:[]},&quot;hotspot_tooltip_content&quot;:&quot;&lt;p&gt;D\\u00e9l\\u00e9gations extra-territoriales (O.N.U. \\u2013 ECOSOC)&lt;\\\/p&gt;\\n&quot;,&quot;hotspot_offset_x&quot;:{&quot;unit&quot;:&quot;%&quot;,&quot;size&quot;:28,&quot;sizes&quot;:[]},&quot;hotspot_offset_y&quot;:{&quot;unit&quot;:&quot;%&quot;,&quot;size&quot;:39,&quot;sizes&quot;:[]},&quot;hotspot_tooltip_position&quot;:&quot;yes&quot;,&quot;hotspot_position&quot;:&quot;bottom&quot;,&quot;hotspot_tooltip_width&quot;:{&quot;unit&quot;:&quot;px&quot;,&quot;size&quot;:0,&quot;sizes&quot;:[]},&quot;_id&quot;:&quot;5041201&quot;,&quot;__dynamic__&quot;:null,&quot;hotspot_label&quot;:&quot;&quot;,&quot;hotspot_icon&quot;:{&quot;value&quot;:&quot;&quot;,&quot;library&quot;:&quot;&quot;},&quot;hotspot_custom_size&quot;:&quot;no&quot;,&quot;hotspot_horizontal&quot;:&quot;left&quot;,&quot;hotspot_vertical&quot;:&quot;top&quot;}],&quot;tooltip_trigger&quot;:&quot;mouseenter&quot;,&quot;tooltip_trigger_mobile&quot;:&quot;click&quot;,&quot;hotspot_sequenced_animation&quot;:&quot;no&quot;,&quot;tooltip_position&quot;:&quot;top&quot;,&quot;tooltip_animation&quot;:&quot;e-hotspot--fade-in-out&quot;}\" data-widget_type=\"hotspot.default\">\n\t\t\t\t<div class=\"elementor-widget-container\">\n\t\t\t\t\t<img loading=\"lazy\" decoding=\"async\" width=\"1827\" height=\"955\" src=\"https:\/\/constantinianorder.com\/wp-content\/uploads\/2025\/10\/mondo.webp\" class=\"attachment-full size-full wp-image-4836\" alt=\"\" \/>\n\t\t\t\t\t\t<a class=\"e-hotspot elementor-repeater-item-6cb3441  e-hotspot--position-left e-hotspot--position-top e-hotspot--link  e-hotspot--circle\" href=\"https:\/\/constantinianorder.com\/fr\/delegations-constantiniennes-dans-le-monde-delegation-pour-lautriche\/\">\n\n\t\t\t\t\t\t\t\t<div class=\"e-hotspot__button e-hotspot--expand\">\n\t\t\t\t\t\t\t\t\t\t\t<div class=\"e-hotspot__outer-circle\"><\/div>\n\t\t\t\t\t\t<div class=\"e-hotspot__inner-circle\"><\/div>\n\t\t\t\t\t\t\t\t\t<\/div>\n\n\t\t\t\t\t\t\t\t\t\t\t\t\t\t\t\t\t\t<div class=\"e-hotspot__tooltip  e-hotspot--tooltip-position e-hotspot--fade-in-out \" >\n\t\t\t\t\t\t<p>Autriche<\/p>\n\t\t\t\t\t<\/div>\n\t\t\t\t\t\t\t\t\t\n\t\t\t<\/a>\n\n\t\n\t\t\t\t\t\t<a class=\"e-hotspot elementor-repeater-item-16187b1   e-hotspot--position-top e-hotspot--link  e-hotspot--circle\" href=\"https:\/\/constantinianorder.com\/fr\/delegations-constantiniennes-dans-le-monde-delegation-de-la-belgique\/\">\n\n\t\t\t\t\t\t\t\t<div class=\"e-hotspot__button e-hotspot--expand\">\n\t\t\t\t\t\t\t\t\t\t\t<div class=\"e-hotspot__outer-circle\"><\/div>\n\t\t\t\t\t\t<div class=\"e-hotspot__inner-circle\"><\/div>\n\t\t\t\t\t\t\t\t\t<\/div>\n\n\t\t\t\t\t\t\t\t\t\t\t\t\t\t\t\t\t\t<div class=\"e-hotspot__tooltip  e-hotspot--tooltip-position e-hotspot--fade-in-out \" >\n\t\t\t\t\t\t<p>Belgique<\/p>\n\t\t\t\t\t<\/div>\n\t\t\t\t\t\t\t\t\t\n\t\t\t<\/a>\n\n\t\n\t\t\t\t\t\t<a class=\"e-hotspot elementor-repeater-item-1b49197  e-hotspot--position-left e-hotspot--position-top e-hotspot--link  e-hotspot--circle\" href=\"https:\/\/constantinianorder.com\/fr\/delegations-constantiniennes-dans-le-monde-delegation-de-la-france\/\">\n\n\t\t\t\t\t\t\t\t<div class=\"e-hotspot__button e-hotspot--expand\">\n\t\t\t\t\t\t\t\t\t\t\t<div class=\"e-hotspot__outer-circle\"><\/div>\n\t\t\t\t\t\t<div class=\"e-hotspot__inner-circle\"><\/div>\n\t\t\t\t\t\t\t\t\t<\/div>\n\n\t\t\t\t\t\t\t\t\t\t\t\t\t\t\t\t\t\t<div class=\"e-hotspot__tooltip  e-hotspot--tooltip-position e-hotspot--fade-in-out \" >\n\t\t\t\t\t\t<p>France<\/p>\n\t\t\t\t\t<\/div>\n\t\t\t\t\t\t\t\t\t\n\t\t\t<\/a>\n\n\t\n\t\t\t\t\t\t<a class=\"e-hotspot elementor-repeater-item-ca61623  e-hotspot--position-left e-hotspot--position-top e-hotspot--link  e-hotspot--circle\" href=\"https:\/\/constantinianorder.com\/fr\/delegations-constantiniennes-dans-le-monde-delegation-de-lallemagne\/\">\n\n\t\t\t\t\t\t\t\t<div class=\"e-hotspot__button e-hotspot--expand\">\n\t\t\t\t\t\t\t\t\t\t\t<div class=\"e-hotspot__outer-circle\"><\/div>\n\t\t\t\t\t\t<div class=\"e-hotspot__inner-circle\"><\/div>\n\t\t\t\t\t\t\t\t\t<\/div>\n\n\t\t\t\t\t\t\t\t\t\t\t\t\t\t\t\t\t\t<div class=\"e-hotspot__tooltip  e-hotspot--tooltip-position e-hotspot--fade-in-out \" >\n\t\t\t\t\t\t<p>Allemagne<\/p>\n\t\t\t\t\t<\/div>\n\t\t\t\t\t\t\t\t\t\n\t\t\t<\/a>\n\n\t\n\t\t\t\t\t\t<a class=\"e-hotspot elementor-repeater-item-09f3d61  e-hotspot--position-left e-hotspot--position-top e-hotspot--link  e-hotspot--circle\" href=\"https:\/\/constantinianorder.com\/fr\/delegations-constantiniennes-dans-le-monde-delegation-de-grande-bretagne-et-irlande\/\">\n\n\t\t\t\t\t\t\t\t<div class=\"e-hotspot__button e-hotspot--expand\">\n\t\t\t\t\t\t\t\t\t\t\t<div class=\"e-hotspot__outer-circle\"><\/div>\n\t\t\t\t\t\t<div class=\"e-hotspot__inner-circle\"><\/div>\n\t\t\t\t\t\t\t\t\t<\/div>\n\n\t\t\t\t\t\t\t\t\t\t\t\t\t\t\t\t\t\t<div class=\"e-hotspot__tooltip  e-hotspot--tooltip-position e-hotspot--fade-in-out \" >\n\t\t\t\t\t\t<p>Grande Bretagne et Irlande<\/p>\n\t\t\t\t\t<\/div>\n\t\t\t\t\t\t\t\t\t\n\t\t\t<\/a>\n\n\t\n\t\t\t\t\t\t<a class=\"e-hotspot elementor-repeater-item-6575f34   e-hotspot--position-top e-hotspot--link  e-hotspot--circle\" href=\"https:\/\/constantinianorder.com\/fr\/delegations-constantiniennes-dans-le-monde-delegation-pour-le-luxembourg\/\">\n\n\t\t\t\t\t\t\t\t<div class=\"e-hotspot__button e-hotspot--expand\">\n\t\t\t\t\t\t\t\t\t\t\t<div class=\"e-hotspot__outer-circle\"><\/div>\n\t\t\t\t\t\t<div class=\"e-hotspot__inner-circle\"><\/div>\n\t\t\t\t\t\t\t\t\t<\/div>\n\n\t\t\t\t\t\t\t\t\t\t\t\t\t\t\t\t\t\t<div class=\"e-hotspot__tooltip  e-hotspot--tooltip-position e-hotspot--fade-in-out \" >\n\t\t\t\t\t\t<p>Luxembourg<\/p>\n\t\t\t\t\t<\/div>\n\t\t\t\t\t\t\t\t\t\n\t\t\t<\/a>\n\n\t\n\t\t\t\t\t\t<a class=\"e-hotspot elementor-repeater-item-c8d7534  e-hotspot--position-left e-hotspot--position-top e-hotspot--link  e-hotspot--circle\" href=\"https:\/\/constantinianorder.com\/fr\/delegations-constantiniennes-dans-le-monde-delegation-de-malte\/\">\n\n\t\t\t\t\t\t\t\t<div class=\"e-hotspot__button e-hotspot--expand\">\n\t\t\t\t\t\t\t\t\t\t\t<div class=\"e-hotspot__outer-circle\"><\/div>\n\t\t\t\t\t\t<div class=\"e-hotspot__inner-circle\"><\/div>\n\t\t\t\t\t\t\t\t\t<\/div>\n\n\t\t\t\t\t\t\t\t\t\t\t\t\t\t\t\t\t\t<div class=\"e-hotspot__tooltip  e-hotspot--tooltip-position e-hotspot--fade-in-out \" >\n\t\t\t\t\t\t<p>Malta<\/p>\n\t\t\t\t\t<\/div>\n\t\t\t\t\t\t\t\t\t\n\t\t\t<\/a>\n\n\t\n\t\t\t\t\t\t<a class=\"e-hotspot elementor-repeater-item-cbafdb9   e-hotspot--position-top e-hotspot--link  e-hotspot--circle\" href=\"https:\/\/constantinianorder.com\/fr\/delegations-constantiniennes-dans-le-monde-delegation-de-monaco\/\">\n\n\t\t\t\t\t\t\t\t<div class=\"e-hotspot__button e-hotspot--expand\">\n\t\t\t\t\t\t\t\t\t\t\t<div class=\"e-hotspot__outer-circle\"><\/div>\n\t\t\t\t\t\t<div class=\"e-hotspot__inner-circle\"><\/div>\n\t\t\t\t\t\t\t\t\t<\/div>\n\n\t\t\t\t\t\t\t\t\t\t\t\t\t\t\t\t\t\t<div class=\"e-hotspot__tooltip  e-hotspot--tooltip-position e-hotspot--fade-in-out \" >\n\t\t\t\t\t\t<p>Monaco<\/p>\n\t\t\t\t\t<\/div>\n\t\t\t\t\t\t\t\t\t\n\t\t\t<\/a>\n\n\t\n\t\t\t\t\t\t<a class=\"e-hotspot elementor-repeater-item-d0198dd   e-hotspot--position-top e-hotspot--link  e-hotspot--circle\" href=\"https:\/\/constantinianorder.com\/fr\/delegations-constantiniennes-dans-le-monde-delegation-des-pays-bas\/\">\n\n\t\t\t\t\t\t\t\t<div class=\"e-hotspot__button e-hotspot--expand\">\n\t\t\t\t\t\t\t\t\t\t\t<div class=\"e-hotspot__outer-circle\"><\/div>\n\t\t\t\t\t\t<div class=\"e-hotspot__inner-circle\"><\/div>\n\t\t\t\t\t\t\t\t\t<\/div>\n\n\t\t\t\t\t\t\t\t\t\t\t\t\t\t\t\t\t\t<div class=\"e-hotspot__tooltip  e-hotspot--tooltip-position e-hotspot--fade-in-out \" >\n\t\t\t\t\t\t<p>Pays Bas<\/p>\n\t\t\t\t\t<\/div>\n\t\t\t\t\t\t\t\t\t\n\t\t\t<\/a>\n\n\t\n\t\t\t\t\t\t<a class=\"e-hotspot elementor-repeater-item-2dd2286  e-hotspot--position-left e-hotspot--position-top e-hotspot--link  e-hotspot--circle\" href=\"https:\/\/constantinianorder.com\/fr\/delegations-constantiniennes-dans-le-monde-delegation-du-portugal\/\">\n\n\t\t\t\t\t\t\t\t<div class=\"e-hotspot__button e-hotspot--expand\">\n\t\t\t\t\t\t\t\t\t\t\t<div class=\"e-hotspot__outer-circle\"><\/div>\n\t\t\t\t\t\t<div class=\"e-hotspot__inner-circle\"><\/div>\n\t\t\t\t\t\t\t\t\t<\/div>\n\n\t\t\t\t\t\t\t\t\t\t\t\t\t\t\t\t\t\t<div class=\"e-hotspot__tooltip  e-hotspot--tooltip-position e-hotspot--fade-in-out \" >\n\t\t\t\t\t\t<p>Portugal<\/p>\n\t\t\t\t\t<\/div>\n\t\t\t\t\t\t\t\t\t\n\t\t\t<\/a>\n\n\t\n\t\t\t\t\t\t<a class=\"e-hotspot elementor-repeater-item-35f6859  e-hotspot--position-left e-hotspot--position-top e-hotspot--link  e-hotspot--circle\" href=\"https:\/\/constantinianorder.com\/fr\/delegations-constantiniennes-dans-le-monde-delegation-de-lespagne\/\">\n\n\t\t\t\t\t\t\t\t<div class=\"e-hotspot__button e-hotspot--expand\">\n\t\t\t\t\t\t\t\t\t\t\t<div class=\"e-hotspot__outer-circle\"><\/div>\n\t\t\t\t\t\t<div class=\"e-hotspot__inner-circle\"><\/div>\n\t\t\t\t\t\t\t\t\t<\/div>\n\n\t\t\t\t\t\t\t\t\t\t\t\t\t\t\t\t\t\t<div class=\"e-hotspot__tooltip  e-hotspot--tooltip-position e-hotspot--fade-in-out \" >\n\t\t\t\t\t\t<p>Espain<\/p>\n\t\t\t\t\t<\/div>\n\t\t\t\t\t\t\t\t\t\n\t\t\t<\/a>\n\n\t\n\t\t\t\t\t\t<a class=\"e-hotspot elementor-repeater-item-4686a4b  e-hotspot--position-left e-hotspot--position-top e-hotspot--link  e-hotspot--circle\" href=\"https:\/\/constantinianorder.com\/fr\/delegations-constantiniennes-dans-le-monde-delegation-de-suisse\/\">\n\n\t\t\t\t\t\t\t\t<div class=\"e-hotspot__button e-hotspot--expand\">\n\t\t\t\t\t\t\t\t\t\t\t<div class=\"e-hotspot__outer-circle\"><\/div>\n\t\t\t\t\t\t<div class=\"e-hotspot__inner-circle\"><\/div>\n\t\t\t\t\t\t\t\t\t<\/div>\n\n\t\t\t\t\t\t\t\t\t\t\t\t\t\t\t\t\t\t<div class=\"e-hotspot__tooltip  e-hotspot--tooltip-position e-hotspot--fade-in-out \" >\n\t\t\t\t\t\t<p>Suisse<\/p>\n\t\t\t\t\t<\/div>\n\t\t\t\t\t\t\t\t\t\n\t\t\t<\/a>\n\n\t\n\t\t\t\t\t\t<a class=\"e-hotspot elementor-repeater-item-245fb6a  e-hotspot--position-left e-hotspot--position-top e-hotspot--link  e-hotspot--circle\" href=\"https:\/\/constantinianorder.com\/fr\/delegations-constantiniennes-dans-le-monde-delegation-de-la-hongrie\/\">\n\n\t\t\t\t\t\t\t\t<div class=\"e-hotspot__button e-hotspot--expand\">\n\t\t\t\t\t\t\t\t\t\t\t<div class=\"e-hotspot__outer-circle\"><\/div>\n\t\t\t\t\t\t<div class=\"e-hotspot__inner-circle\"><\/div>\n\t\t\t\t\t\t\t\t\t<\/div>\n\n\t\t\t\t\t\t\t\t\t\t\t\t\t\t\t\t\t\t<div class=\"e-hotspot__tooltip  e-hotspot--tooltip-position e-hotspot--fade-in-out \" >\n\t\t\t\t\t\t<p>Hongrie<\/p>\n\t\t\t\t\t<\/div>\n\t\t\t\t\t\t\t\t\t\n\t\t\t<\/a>\n\n\t\n\t\t\t\t\t\t<a class=\"e-hotspot elementor-repeater-item-dad9e37  e-hotspot--position-left e-hotspot--position-top e-hotspot--link  e-hotspot--circle\" href=\"https:\/\/constantinianorder.com\/fr\/delegations-constantiniennes-dans-le-monde-delegation-dargentine\/\">\n\n\t\t\t\t\t\t\t\t<div class=\"e-hotspot__button e-hotspot--expand\">\n\t\t\t\t\t\t\t\t\t\t\t<div class=\"e-hotspot__outer-circle\"><\/div>\n\t\t\t\t\t\t<div class=\"e-hotspot__inner-circle\"><\/div>\n\t\t\t\t\t\t\t\t\t<\/div>\n\n\t\t\t\t\t\t\t\t\t\t\t\t\t\t\t\t\t\t<div class=\"e-hotspot__tooltip  e-hotspot--tooltip-position e-hotspot--fade-in-out \" >\n\t\t\t\t\t\t<p>Argentine<\/p>\n\t\t\t\t\t<\/div>\n\t\t\t\t\t\t\t\t\t\n\t\t\t<\/a>\n\n\t\n\t\t\t\t\t\t<a class=\"e-hotspot elementor-repeater-item-98841ed  e-hotspot--position-left e-hotspot--position-top e-hotspot--link  e-hotspot--circle\" href=\"https:\/\/constantinianorder.com\/fr\/delegations-constantiniennes-dans-le-monde-delegation-du-bresil\/\">\n\n\t\t\t\t\t\t\t\t<div class=\"e-hotspot__button e-hotspot--expand\">\n\t\t\t\t\t\t\t\t\t\t\t<div class=\"e-hotspot__outer-circle\"><\/div>\n\t\t\t\t\t\t<div class=\"e-hotspot__inner-circle\"><\/div>\n\t\t\t\t\t\t\t\t\t<\/div>\n\n\t\t\t\t\t\t\t\t\t\t\t\t\t\t\t\t\t\t<div class=\"e-hotspot__tooltip  e-hotspot--tooltip-position e-hotspot--fade-in-out \" >\n\t\t\t\t\t\t<p>Br\u00e9sil<\/p>\n\t\t\t\t\t<\/div>\n\t\t\t\t\t\t\t\t\t\n\t\t\t<\/a>\n\n\t\n\t\t\t\t\t\t<a class=\"e-hotspot elementor-repeater-item-f5ee921  e-hotspot--position-left e-hotspot--position-top e-hotspot--link  e-hotspot--circle\" href=\"https:\/\/constantinianorder.com\/fr\/delegations-constantiniennes-dans-le-monde-delegation-du-sud-est-asiatique\/\">\n\n\t\t\t\t\t\t\t\t<div class=\"e-hotspot__button e-hotspot--expand\">\n\t\t\t\t\t\t\t\t\t\t\t<div class=\"e-hotspot__outer-circle\"><\/div>\n\t\t\t\t\t\t<div class=\"e-hotspot__inner-circle\"><\/div>\n\t\t\t\t\t\t\t\t\t<\/div>\n\n\t\t\t\t\t\t\t\t\t\t\t\t\t\t\t\t\t\t<div class=\"e-hotspot__tooltip  e-hotspot--tooltip-position e-hotspot--fade-in-out \" >\n\t\t\t\t\t\t<p>Sud-Est Asiatique<\/p>\n\t\t\t\t\t<\/div>\n\t\t\t\t\t\t\t\t\t\n\t\t\t<\/a>\n\n\t\n\t\t\t\t\t\t<a class=\"e-hotspot elementor-repeater-item-9dd5302  e-hotspot--position-left e-hotspot--position-top e-hotspot--link  e-hotspot--circle\" href=\"https:\/\/constantinianorder.com\/fr\/delegations-constantiniennes-dans-le-monde-delegation-des-etats-unis-damerique\/\">\n\n\t\t\t\t\t\t\t\t<div class=\"e-hotspot__button e-hotspot--expand\">\n\t\t\t\t\t\t\t\t\t\t\t<div class=\"e-hotspot__outer-circle\"><\/div>\n\t\t\t\t\t\t<div class=\"e-hotspot__inner-circle\"><\/div>\n\t\t\t\t\t\t\t\t\t<\/div>\n\n\t\t\t\t\t\t\t\t\t\t\t\t\t\t\t\t\t\t<div class=\"e-hotspot__tooltip  e-hotspot--tooltip-position e-hotspot--fade-in-out \" >\n\t\t\t\t\t\t<p>\u00c9tats-Unis d\u2019Am\u00e9rique<\/p>\n\t\t\t\t\t<\/div>\n\t\t\t\t\t\t\t\t\t\n\t\t\t<\/a>\n\n\t\n\t\t\t\t\t\t<a class=\"e-hotspot elementor-repeater-item-5041201  e-hotspot--position-left e-hotspot--position-top e-hotspot--link  e-hotspot--circle\" href=\"https:\/\/constantinianorder.com\/fr\/delegations-constantiniennes-dans-le-monde-delegation-a-lo-n-u-ecosoc\/\">\n\n\t\t\t\t\t\t\t\t<div class=\"e-hotspot__button e-hotspot--expand\">\n\t\t\t\t\t\t\t\t\t\t\t<div class=\"e-hotspot__outer-circle\"><\/div>\n\t\t\t\t\t\t<div class=\"e-hotspot__inner-circle\"><\/div>\n\t\t\t\t\t\t\t\t\t<\/div>\n\n\t\t\t\t\t\t\t\t\t\t\t\t\t\t\t\t\t\t<div class=\"e-hotspot__tooltip  e-hotspot--tooltip-position e-hotspot--fade-in-out \" >\n\t\t\t\t\t\t<p>D\u00e9l\u00e9gations extra-territoriales (O.N.U. \u2013 ECOSOC)<\/p>\n\t\t\t\t\t<\/div>\n\t\t\t\t\t\t\t\t\t\n\t\t\t<\/a>\n\n\t\n\t\t\t\t\t\t<\/div>\n\t\t\t\t<\/div>\n\t\t\t\t<div class=\"elementor-element elementor-element-8763abe elementor-widget elementor-widget-heading\" data-id=\"8763abe\" data-element_type=\"widget\" data-widget_type=\"heading.default\">\n\t\t\t\t\t<h5 class=\"elementor-heading-title elementor-size-default\">D\u00e9l\u00e9gations dans le monde<\/h5>\t\t\t\t<\/div>\n\t\t\t\t<\/div>\n\t\t\t\t\t<\/div>\n\t\t\t\t<\/div>\n\t\t\t\t<\/div>\n\t\t","protected":false},"excerpt":{"rendered":"<p>Ordre Constantinien D\u00e9l\u00e9gation de la France Ordre Constantinien D\u00e9l\u00e9gation de la France, ordre chevaleresque catholique d\u2019antiques origines, aujourd\u2019hui plac\u00e9 sous le Grand Magist\u00e8re de la Maison Royale de Bourbon des Deux-Siciles, qui promeut la foi, la charit\u00e9 et l\u2019engagement social inspir\u00e9s par les valeurs chr\u00e9tiennes. constantinianorder.net Maison Royale de Bourbon des Deux Siciles contacts D\u00e9l\u00e9gation [&hellip;]<\/p>\n","protected":false},"author":2,"featured_media":0,"parent":0,"menu_order":0,"comment_status":"closed","ping_status":"closed","template":"elementor_header_footer","meta":{"footnotes":""},"class_list":["post-96427","page","type-page","status-publish","hentry"],"yoast_head":"<!-- This site is optimized with the Yoast SEO plugin v26.5 - https:\/\/yoast.com\/wordpress\/plugins\/seo\/ -->\n<title>Ordre Constantinien D\u00e9l\u00e9gation de la France - Sacro Militare Ordine Costantiniano di San Giorgio<\/title>\n<meta name=\"description\" content=\"Ordre Constantinien D\u00e9l\u00e9gation de la France. R\u00e9f\u00e9rents, \u00e9v\u00e9nements et activit\u00e9s de la d\u00e9l\u00e9gation\" \/>\n<meta name=\"robots\" content=\"index, follow, max-snippet:-1, max-image-preview:large, max-video-preview:-1\" \/>\n<link rel=\"canonical\" href=\"https:\/\/constantinianorder.com\/fr\/delegations-constantiniennes-dans-le-monde-delegation-de-la-france\/\" \/>\n<meta property=\"og:locale\" content=\"fr_FR\" \/>\n<meta property=\"og:type\" content=\"article\" \/>\n<meta property=\"og:title\" content=\"Ordre Constantinien D\u00e9l\u00e9gation de la France - Sacro Militare Ordine Costantiniano di San Giorgio\" \/>\n<meta property=\"og:description\" content=\"Ordre Constantinien D\u00e9l\u00e9gation de la France. R\u00e9f\u00e9rents, \u00e9v\u00e9nements et activit\u00e9s de la d\u00e9l\u00e9gation\" \/>\n<meta property=\"og:url\" content=\"https:\/\/constantinianorder.com\/fr\/delegations-constantiniennes-dans-le-monde-delegation-de-la-france\/\" \/>\n<meta property=\"og:site_name\" content=\"Sacro Militare Ordine Costantiniano di San Giorgio\" \/>\n<meta property=\"article:publisher\" content=\"https:\/\/www.facebook.com\/constantinianorder\" \/>\n<meta property=\"article:modified_time\" content=\"2026-03-24T17:36:56+00:00\" \/>\n<meta property=\"og:image\" content=\"https:\/\/constantinianorder.com\/wp-content\/uploads\/2025\/10\/cropped-logo-costantiniano.webp\" \/>\n\t<meta property=\"og:image:width\" content=\"512\" \/>\n\t<meta property=\"og:image:height\" content=\"512\" \/>\n\t<meta property=\"og:image:type\" content=\"image\/png\" \/>\n<meta name=\"twitter:card\" content=\"summary_large_image\" \/>\n<meta name=\"twitter:label1\" content=\"Dur\u00e9e de lecture estim\u00e9e\" \/>\n\t<meta name=\"twitter:data1\" content=\"2 minutes\" \/>\n<script type=\"application\/ld+json\" class=\"yoast-schema-graph\">{\"@context\":\"https:\/\/schema.org\",\"@graph\":[{\"@type\":\"WebPage\",\"@id\":\"https:\/\/constantinianorder.com\/fr\/delegations-constantiniennes-dans-le-monde-delegation-de-la-france\/\",\"url\":\"https:\/\/constantinianorder.com\/fr\/delegations-constantiniennes-dans-le-monde-delegation-de-la-france\/\",\"name\":\"Ordre Constantinien D\u00e9l\u00e9gation de la France - Sacro Militare Ordine Costantiniano di San Giorgio\",\"isPartOf\":{\"@id\":\"https:\/\/constantinianorder.com\/#website\"},\"primaryImageOfPage\":{\"@id\":\"https:\/\/constantinianorder.com\/fr\/delegations-constantiniennes-dans-le-monde-delegation-de-la-france\/#primaryimage\"},\"image\":{\"@id\":\"https:\/\/constantinianorder.com\/fr\/delegations-constantiniennes-dans-le-monde-delegation-de-la-france\/#primaryimage\"},\"thumbnailUrl\":\"https:\/\/constantinianorder.com\/wp-content\/uploads\/2025\/10\/cropped-logo-costantiniano.webp\",\"datePublished\":\"2025-10-12T14:06:43+00:00\",\"dateModified\":\"2026-03-24T17:36:56+00:00\",\"description\":\"Ordre Constantinien D\u00e9l\u00e9gation de la France. R\u00e9f\u00e9rents, \u00e9v\u00e9nements et activit\u00e9s de la d\u00e9l\u00e9gation\",\"breadcrumb\":{\"@id\":\"https:\/\/constantinianorder.com\/fr\/delegations-constantiniennes-dans-le-monde-delegation-de-la-france\/#breadcrumb\"},\"inLanguage\":\"fr-FR\",\"potentialAction\":[{\"@type\":\"ReadAction\",\"target\":[\"https:\/\/constantinianorder.com\/fr\/delegations-constantiniennes-dans-le-monde-delegation-de-la-france\/\"]}]},{\"@type\":\"ImageObject\",\"inLanguage\":\"fr-FR\",\"@id\":\"https:\/\/constantinianorder.com\/fr\/delegations-constantiniennes-dans-le-monde-delegation-de-la-france\/#primaryimage\",\"url\":\"https:\/\/constantinianorder.com\/wp-content\/uploads\/2025\/10\/cropped-logo-costantiniano.webp\",\"contentUrl\":\"https:\/\/constantinianorder.com\/wp-content\/uploads\/2025\/10\/cropped-logo-costantiniano.webp\"},{\"@type\":\"BreadcrumbList\",\"@id\":\"https:\/\/constantinianorder.com\/fr\/delegations-constantiniennes-dans-le-monde-delegation-de-la-france\/#breadcrumb\",\"itemListElement\":[{\"@type\":\"ListItem\",\"position\":1,\"name\":\"Home\",\"item\":\"https:\/\/constantinianorder.com\/en\/\"},{\"@type\":\"ListItem\",\"position\":2,\"name\":\"D\u00e9l\u00e9gations Constantiniennes dans le Monde D\u00e9l\u00e9gation de la France\"}]},{\"@type\":\"WebSite\",\"@id\":\"https:\/\/constantinianorder.com\/#website\",\"url\":\"https:\/\/constantinianorder.com\/\",\"name\":\"Sacro Militare Ordine Costantiniano di San Giorgio\",\"description\":\"Ordine Ufficiale\",\"publisher\":{\"@id\":\"https:\/\/constantinianorder.com\/#organization\"},\"potentialAction\":[{\"@type\":\"SearchAction\",\"target\":{\"@type\":\"EntryPoint\",\"urlTemplate\":\"https:\/\/constantinianorder.com\/?s={search_term_string}\"},\"query-input\":{\"@type\":\"PropertyValueSpecification\",\"valueRequired\":true,\"valueName\":\"search_term_string\"}}],\"inLanguage\":\"fr-FR\"},{\"@type\":\"Organization\",\"@id\":\"https:\/\/constantinianorder.com\/#organization\",\"name\":\"Sacro Militare Ordine Costantiniano di San Giorgio\",\"url\":\"https:\/\/constantinianorder.com\/\",\"logo\":{\"@type\":\"ImageObject\",\"inLanguage\":\"fr-FR\",\"@id\":\"https:\/\/constantinianorder.com\/#\/schema\/logo\/image\/\",\"url\":\"https:\/\/constantinianorder.com\/wp-content\/uploads\/2025\/10\/cropped-logo-costantiniano.png\",\"contentUrl\":\"https:\/\/constantinianorder.com\/wp-content\/uploads\/2025\/10\/cropped-logo-costantiniano.png\",\"width\":512,\"height\":512,\"caption\":\"Sacro Militare Ordine Costantiniano di San Giorgio\"},\"image\":{\"@id\":\"https:\/\/constantinianorder.com\/#\/schema\/logo\/image\/\"},\"sameAs\":[\"https:\/\/www.facebook.com\/constantinianorder\",\"https:\/\/www.instagram.com\/constantinianorder\/\",\"https:\/\/www.youtube.com\/@granmagisterodelsacromilit9375\"]}]}<\/script>\n<!-- \/ Yoast SEO plugin. -->","yoast_head_json":{"title":"Ordre Constantinien D\u00e9l\u00e9gation de la France - Sacro Militare Ordine Costantiniano di San Giorgio","description":"Ordre Constantinien D\u00e9l\u00e9gation de la France. R\u00e9f\u00e9rents, \u00e9v\u00e9nements et activit\u00e9s de la d\u00e9l\u00e9gation","robots":{"index":"index","follow":"follow","max-snippet":"max-snippet:-1","max-image-preview":"max-image-preview:large","max-video-preview":"max-video-preview:-1"},"canonical":"https:\/\/constantinianorder.com\/fr\/delegations-constantiniennes-dans-le-monde-delegation-de-la-france\/","og_locale":"fr_FR","og_type":"article","og_title":"Ordre Constantinien D\u00e9l\u00e9gation de la France - Sacro Militare Ordine Costantiniano di San Giorgio","og_description":"Ordre Constantinien D\u00e9l\u00e9gation de la France. R\u00e9f\u00e9rents, \u00e9v\u00e9nements et activit\u00e9s de la d\u00e9l\u00e9gation","og_url":"https:\/\/constantinianorder.com\/fr\/delegations-constantiniennes-dans-le-monde-delegation-de-la-france\/","og_site_name":"Sacro Militare Ordine Costantiniano di San Giorgio","article_publisher":"https:\/\/www.facebook.com\/constantinianorder","article_modified_time":"2026-03-24T17:36:56+00:00","og_image":[{"width":512,"height":512,"url":"https:\/\/constantinianorder.com\/wp-content\/uploads\/2025\/10\/cropped-logo-costantiniano.webp","type":"image\/png"}],"twitter_card":"summary_large_image","twitter_misc":{"Dur\u00e9e de lecture estim\u00e9e":"2 minutes"},"schema":{"@context":"https:\/\/schema.org","@graph":[{"@type":"WebPage","@id":"https:\/\/constantinianorder.com\/fr\/delegations-constantiniennes-dans-le-monde-delegation-de-la-france\/","url":"https:\/\/constantinianorder.com\/fr\/delegations-constantiniennes-dans-le-monde-delegation-de-la-france\/","name":"Ordre Constantinien D\u00e9l\u00e9gation de la France - Sacro Militare Ordine Costantiniano di San Giorgio","isPartOf":{"@id":"https:\/\/constantinianorder.com\/#website"},"primaryImageOfPage":{"@id":"https:\/\/constantinianorder.com\/fr\/delegations-constantiniennes-dans-le-monde-delegation-de-la-france\/#primaryimage"},"image":{"@id":"https:\/\/constantinianorder.com\/fr\/delegations-constantiniennes-dans-le-monde-delegation-de-la-france\/#primaryimage"},"thumbnailUrl":"https:\/\/constantinianorder.com\/wp-content\/uploads\/2025\/10\/cropped-logo-costantiniano.webp","datePublished":"2025-10-12T14:06:43+00:00","dateModified":"2026-03-24T17:36:56+00:00","description":"Ordre Constantinien D\u00e9l\u00e9gation de la France. R\u00e9f\u00e9rents, \u00e9v\u00e9nements et activit\u00e9s de la d\u00e9l\u00e9gation","breadcrumb":{"@id":"https:\/\/constantinianorder.com\/fr\/delegations-constantiniennes-dans-le-monde-delegation-de-la-france\/#breadcrumb"},"inLanguage":"fr-FR","potentialAction":[{"@type":"ReadAction","target":["https:\/\/constantinianorder.com\/fr\/delegations-constantiniennes-dans-le-monde-delegation-de-la-france\/"]}]},{"@type":"ImageObject","inLanguage":"fr-FR","@id":"https:\/\/constantinianorder.com\/fr\/delegations-constantiniennes-dans-le-monde-delegation-de-la-france\/#primaryimage","url":"https:\/\/constantinianorder.com\/wp-content\/uploads\/2025\/10\/cropped-logo-costantiniano.webp","contentUrl":"https:\/\/constantinianorder.com\/wp-content\/uploads\/2025\/10\/cropped-logo-costantiniano.webp"},{"@type":"BreadcrumbList","@id":"https:\/\/constantinianorder.com\/fr\/delegations-constantiniennes-dans-le-monde-delegation-de-la-france\/#breadcrumb","itemListElement":[{"@type":"ListItem","position":1,"name":"Home","item":"https:\/\/constantinianorder.com\/en\/"},{"@type":"ListItem","position":2,"name":"D\u00e9l\u00e9gations Constantiniennes dans le Monde D\u00e9l\u00e9gation de la France"}]},{"@type":"WebSite","@id":"https:\/\/constantinianorder.com\/#website","url":"https:\/\/constantinianorder.com\/","name":"Sacro Militare Ordine Costantiniano di San Giorgio","description":"Ordine Ufficiale","publisher":{"@id":"https:\/\/constantinianorder.com\/#organization"},"potentialAction":[{"@type":"SearchAction","target":{"@type":"EntryPoint","urlTemplate":"https:\/\/constantinianorder.com\/?s={search_term_string}"},"query-input":{"@type":"PropertyValueSpecification","valueRequired":true,"valueName":"search_term_string"}}],"inLanguage":"fr-FR"},{"@type":"Organization","@id":"https:\/\/constantinianorder.com\/#organization","name":"Sacro Militare Ordine Costantiniano di San Giorgio","url":"https:\/\/constantinianorder.com\/","logo":{"@type":"ImageObject","inLanguage":"fr-FR","@id":"https:\/\/constantinianorder.com\/#\/schema\/logo\/image\/","url":"https:\/\/constantinianorder.com\/wp-content\/uploads\/2025\/10\/cropped-logo-costantiniano.png","contentUrl":"https:\/\/constantinianorder.com\/wp-content\/uploads\/2025\/10\/cropped-logo-costantiniano.png","width":512,"height":512,"caption":"Sacro Militare Ordine Costantiniano di San Giorgio"},"image":{"@id":"https:\/\/constantinianorder.com\/#\/schema\/logo\/image\/"},"sameAs":["https:\/\/www.facebook.com\/constantinianorder","https:\/\/www.instagram.com\/constantinianorder\/","https:\/\/www.youtube.com\/@granmagisterodelsacromilit9375"]}]}},"_links":{"self":[{"href":"https:\/\/constantinianorder.com\/fr\/wp-json\/wp\/v2\/pages\/96427","targetHints":{"allow":["GET"]}}],"collection":[{"href":"https:\/\/constantinianorder.com\/fr\/wp-json\/wp\/v2\/pages"}],"about":[{"href":"https:\/\/constantinianorder.com\/fr\/wp-json\/wp\/v2\/types\/page"}],"author":[{"embeddable":true,"href":"https:\/\/constantinianorder.com\/fr\/wp-json\/wp\/v2\/users\/2"}],"replies":[{"embeddable":true,"href":"https:\/\/constantinianorder.com\/fr\/wp-json\/wp\/v2\/comments?post=96427"}],"version-history":[{"count":20,"href":"https:\/\/constantinianorder.com\/fr\/wp-json\/wp\/v2\/pages\/96427\/revisions"}],"predecessor-version":[{"id":104165,"href":"https:\/\/constantinianorder.com\/fr\/wp-json\/wp\/v2\/pages\/96427\/revisions\/104165"}],"wp:attachment":[{"href":"https:\/\/constantinianorder.com\/fr\/wp-json\/wp\/v2\/media?parent=96427"}],"curies":[{"name":"wp","href":"https:\/\/api.w.org\/{rel}","templated":true}]}}