{"version":"1.0","provider_name":"Sacro Militare Ordine Costantiniano di San Giorgio","provider_url":"https:\/\/constantinianorder.com\/fr\/","author_name":"admin","author_url":"https:\/\/constantinianorder.com\/fr\/author\/domain_jlukbpo7\/","title":"PI\u00c9MONT ET VALL\u00c9E D'AOSTE: MARS ET AVRIL 2024 - Sacro Militare Ordine Costantiniano di San Giorgio","type":"rich","width":600,"height":338,"html":"<blockquote class=\"wp-embedded-content\" data-secret=\"5RoT17R9uh\"><a href=\"https:\/\/constantinianorder.com\/fr\/piemont-et-vallee-daoste-mars-et-avril-2024\/\">PI\u00c9MONT ET VALL\u00c9E D&rsquo;AOSTE: MARS ET AVRIL 2024<\/a><\/blockquote><iframe sandbox=\"allow-scripts\" security=\"restricted\" src=\"https:\/\/constantinianorder.com\/fr\/piemont-et-vallee-daoste-mars-et-avril-2024\/embed\/#?secret=5RoT17R9uh\" width=\"600\" height=\"338\" title=\"\u00ab\u00a0PI\u00c9MONT ET VALL\u00c9E D&rsquo;AOSTE: MARS ET AVRIL 2024\u00a0\u00bb &#8212; Sacro Militare Ordine Costantiniano di San Giorgio\" data-secret=\"5RoT17R9uh\" frameborder=\"0\" marginwidth=\"0\" marginheight=\"0\" scrolling=\"no\" class=\"wp-embedded-content\"><\/iframe><script>\n\/*! This file is auto-generated *\/\n!function(d,l){\"use strict\";l.querySelector&&d.addEventListener&&\"undefined\"!=typeof URL&&(d.wp=d.wp||{},d.wp.receiveEmbedMessage||(d.wp.receiveEmbedMessage=function(e){var t=e.data;if((t||t.secret||t.message||t.value)&&!\/[^a-zA-Z0-9]\/.test(t.secret)){for(var s,r,n,a=l.querySelectorAll('iframe[data-secret=\"'+t.secret+'\"]'),o=l.querySelectorAll('blockquote[data-secret=\"'+t.secret+'\"]'),c=new RegExp(\"^https?:$\",\"i\"),i=0;i<o.length;i++)o[i].style.display=\"none\";for(i=0;i<a.length;i++)s=a[i],e.source===s.contentWindow&&(s.removeAttribute(\"style\"),\"height\"===t.message?(1e3<(r=parseInt(t.value,10))?r=1e3:~~r<200&&(r=200),s.height=r):\"link\"===t.message&&(r=new URL(s.getAttribute(\"src\")),n=new URL(t.value),c.test(n.protocol))&&n.host===r.host&&l.activeElement===s&&(d.top.location.href=t.value))}},d.addEventListener(\"message\",d.wp.receiveEmbedMessage,!1),l.addEventListener(\"DOMContentLoaded\",function(){for(var e,t,s=l.querySelectorAll(\"iframe.wp-embedded-content\"),r=0;r<s.length;r++)(t=(e=s[r]).getAttribute(\"data-secret\"))||(t=Math.random().toString(36).substring(2,12),e.src+=\"#?secret=\"+t,e.setAttribute(\"data-secret\",t)),e.contentWindow.postMessage({message:\"ready\",secret:t},\"*\")},!1)))}(window,document);\n\/\/# sourceURL=https:\/\/constantinianorder.com\/wp-includes\/js\/wp-embed.min.js\n<\/script>\n","description":"Le dimanche 28 avril, lors du jour consacr\u00e9 \u00e0 Saint George, la Repr\u00e9sentante Dame Simone Delfino avec le Prieur Vicaire Chevalier P\u00e8re Augusto Piccoli, a organis\u00e9 une c\u00e9r\u00e9monie religieuse aupr\u00e8s de l&rsquo;\u00c9glise Cath\u00e9drale d&rsquo;Alessandria. \u00c0 la Sainte Messe, anim\u00e9e par le ch\u0153ur de la Cath\u00e8drale et c\u00e9l\u00e9br\u00e9e par le cur\u00e9 Monseigneur Gianni Torrigia, ont aussi [&hellip;]","thumbnail_url":"https:\/\/constantinianorder.com\/wp-content\/uploads\/2024\/05\/IMG-20240428-WA0030.webp","thumbnail_width":1600,"thumbnail_height":1200}