{"id":95435,"date":"2025-10-11T15:48:48","date_gmt":"2025-10-11T15:48:48","guid":{"rendered":"https:\/\/constantinianorder.com\/ordenes-de-caballeria\/"},"modified":"2025-12-02T19:08:37","modified_gmt":"2025-12-02T19:08:37","slug":"ordenes-de-caballeria","status":"publish","type":"page","link":"https:\/\/constantinianorder.com\/es\/ordenes-de-caballeria\/","title":{"rendered":"\u00d3rdenes de caballer\u00eda"},"content":{"rendered":"\t\t<div data-elementor-type=\"wp-page\" data-elementor-id=\"95435\" class=\"elementor elementor-95435 elementor-2644\" data-elementor-post-type=\"page\">\n\t\t\t\t<div class=\"elementor-element elementor-element-bd21250 elementor-hidden-desktop elementor-hidden-tablet_extra elementor-hidden-tablet elementor-hidden-mobile e-flex e-con-boxed e-con e-parent\" data-id=\"bd21250\" data-element_type=\"container\">\n\t\t\t\t\t<div class=\"e-con-inner\">\n\t\t\t\t<div class=\"elementor-element elementor-element-631ae4dd elementor-widget elementor-widget-image\" data-id=\"631ae4dd\" data-element_type=\"widget\" data-widget_type=\"image.default\">\n\t\t\t\t\t\t\t\t\t\t\t\t\t\t\t<img fetchpriority=\"high\" decoding=\"async\" width=\"512\" height=\"512\" src=\"https:\/\/constantinianorder.com\/wp-content\/uploads\/2025\/10\/cropped-logo-costantiniano.webp\" class=\"attachment-full size-full wp-image-1066\" alt=\"sacro militare ordine costantiniano di san giorgio\" \/>\t\t\t\t\t\t\t\t\t\t\t\t\t\t\t<\/div>\n\t\t\t\t<div class=\"elementor-element elementor-element-3dc49b8e elementor-widget elementor-widget-heading\" data-id=\"3dc49b8e\" data-element_type=\"widget\" data-widget_type=\"heading.default\">\n\t\t\t\t\t<h1 class=\"elementor-heading-title elementor-size-default\">Insigne Real Orden de San Jenaro<\/h1>\t\t\t\t<\/div>\n\t\t\t\t<div class=\"elementor-element elementor-element-2e74a70e elementor-widget elementor-widget-text-editor\" data-id=\"2e74a70e\" data-element_type=\"widget\" data-widget_type=\"text-editor.default\">\n\t\t\t\t\t\t\t\t\t<p>Insigne Real Orden de San Jenaro, la orden caballeresca cat\u00f3lica de antiguas ra\u00edces, que hoy se encuentra bajo el Gran Magisterio de la Real Casa de Borb\u00f3n de las Dos Sicilias, y que promueve la fe, la caridad y el compromiso social inspirados en los valores cristianos.<\/p><ul><li><a href=\"https:\/\/constantinianorder.net\" target=\"_blank\" rel=\"noopener\">constantinianorder.net<\/a><\/li><li><a href=\"https:\/\/realcasadiborbone.it\" target=\"_blank\" rel=\"noopener\">Real Casa de Borb\u00f3n de las Dos Sicilias<\/a><\/li><li><a href=\"https:\/\/constantinianorder.com\/es\/contactos\/\">contactos<\/a><\/li><\/ul>\t\t\t\t\t\t\t\t<\/div>\n\t\t\t\t\t<\/div>\n\t\t\t\t<\/div>\n\t\t<div class=\"elementor-element elementor-element-483b40f e-flex e-con-boxed e-con e-parent\" data-id=\"483b40f\" data-element_type=\"container\">\n\t\t\t\t\t<div class=\"e-con-inner\">\n\t\t<div class=\"elementor-element elementor-element-46baf72 e-con-full e-flex e-con e-child\" data-id=\"46baf72\" data-element_type=\"container\">\n\t\t\t\t<div class=\"elementor-element elementor-element-cbc30c4 elementor-widget elementor-widget-heading\" data-id=\"cbc30c4\" data-element_type=\"widget\" data-widget_type=\"heading.default\">\n\t\t\t\t\t<h2 class=\"elementor-heading-title elementor-size-default\">\u00d3rdenes de caballer\u00eda<\/h2>\t\t\t\t<\/div>\n\t\t\t\t<div class=\"elementor-element elementor-element-b9a7a9c elementor-widget elementor-widget-text-editor\" data-id=\"b9a7a9c\" data-element_type=\"widget\" data-widget_type=\"text-editor.default\">\n\t\t\t\t\t\t\t\t\t<p>Incluso la Orden Constantiniana, pertenecen a la Real Casa de Borb\u00f3n de las Dos Sicilias cinco \u00d3rdenes Din\u00e1sticas:<\/p>\t\t\t\t\t\t\t\t<\/div>\n\t\t\t\t<div class=\"elementor-element elementor-element-3d762f1 elementor-position-left elementor-position-left elementor-position-left elementor-vertical-align-middle elementor-hidden-desktop elementor-hidden-tablet_extra elementor-hidden-tablet elementor-hidden-mobile elementor-widget elementor-widget-image-box\" data-id=\"3d762f1\" data-element_type=\"widget\" data-widget_type=\"image-box.default\">\n\t\t\t\t\t<div class=\"elementor-image-box-wrapper\"><figure class=\"elementor-image-box-img\"><img decoding=\"async\" width=\"300\" height=\"300\" src=\"https:\/\/constantinianorder.com\/wp-content\/uploads\/2025\/10\/Stemma-del-Sacro-Militare-Ordine-Costantiniano-di-San-giorgio.webp\" class=\"attachment-full size-full wp-image-2100\" alt=\"Stemma del Sacro Militare Ordine Costantiniano di San Giorgio\" \/><\/figure><div class=\"elementor-image-box-content\"><h3 class=\"elementor-image-box-title\">Insigne Real Orden de San Jenaro<\/h3><\/div><\/div>\t\t\t\t<\/div>\n\t\t\t\t<div class=\"elementor-element elementor-element-f8a0927 elementor-position-left elementor-position-left elementor-position-left elementor-vertical-align-middle elementor-widget elementor-widget-image-box\" data-id=\"f8a0927\" data-element_type=\"widget\" data-widget_type=\"image-box.default\">\n\t\t\t\t\t<div class=\"elementor-image-box-wrapper\"><figure class=\"elementor-image-box-img\"><img decoding=\"async\" width=\"173\" height=\"173\" src=\"https:\/\/constantinianorder.com\/wp-content\/uploads\/2025\/10\/Insigne-Real-Ordine-di-San-Gennaro.webp\" class=\"attachment-full size-full wp-image-2651\" alt=\"Insigne Real Ordine di San Gennaro\" \/><\/figure><div class=\"elementor-image-box-content\"><h3 class=\"elementor-image-box-title\">Insigne Real Orden de San Jenaro<\/h3><\/div><\/div>\t\t\t\t<\/div>\n\t\t\t\t<div class=\"elementor-element elementor-element-50cef45 elementor-widget elementor-widget-text-editor\" data-id=\"50cef45\" data-element_type=\"widget\" data-widget_type=\"text-editor.default\">\n\t\t\t\t\t\t\t\t\t<p>Fue instituida el 3 de julio de 1738 por Carlos de Borb\u00f3n, rey de N\u00e1poles y Sicilia, para celebrar su matrimonio con la princesa Mar\u00eda Amalia Walburga de Polonia y Sajonia. Es la principal orden de caballer\u00eda de la Real Casa de las Dos Sicilias y honra al santo patr\u00f3n de N\u00e1poles.<\/p><p>\u00a0<\/p><p>La Orden se compone de una \u00fanica clase de Caballeros y Damas con collar de oro, banda, cruz y placa. La Orden se concede en raras ocasiones y solo a un m\u00e1ximo de veinte Caballeros y Damas profesantes de la religi\u00f3n cat\u00f3lica, tradicionalmente pertenecientes a las familias reales europeas y a la alta aristocracia de las Dos Sicilias (los pr\u00edncipes y princesas de la Casa Real de las Dos Sicilias se consideran supernumerarios).<\/p><p>\u00a0<\/p><p>Los primeros estatutos de la Orden, promulgados en 1738, la establecieron como una instituci\u00f3n Cat\u00f3lica dedicada a promover la verdadera caballerosidad y la fraternidad cristiana. Deberes principales de los Caballeros: \u201cel crecimiento, a toda costa, de la sant\u00edsima Religi\u00f3n\u201d y \u201cobrar virtuosamente\u201d para llegar a ser \u201cheroco ejemplo de la piedad hacia Dios, y de fidelidad hacia su Pr\u00edncipe\u201d.<\/p><p>\u00a0<\/p><p>La condecoraci\u00f3n se compone de una cruz de cuatro brazos, ahorquillados, forjado de oro, bordados por una banda de esmalte blanco, con llamas de esmalte rojo, al lado de cuatro azucenas de oro.<\/p><p>\u00a0<\/p><p>En el centro del anverso, la imagen de San Jenaro con las Ampollas y el B\u00e1culo de oro y esmaltes blancos, rojos, azules y verdes; en el centro del reverso, las Ampollas de oro y esmalte rojo, puestas en el Libro de los Evangelios de oro, todo rodeado por dos palmas de esmalte verde.<\/p><p>\u00a0<\/p><p>El lazo es rojo ondeado. El lema dice \u201cIN SANGUINE FOEDUS\u201d.<\/p>\t\t\t\t\t\t\t\t<\/div>\n\t\t\t\t<div class=\"elementor-element elementor-element-2be5ce2 elementor-position-left elementor-position-left elementor-position-left elementor-vertical-align-middle elementor-widget elementor-widget-image-box\" data-id=\"2be5ce2\" data-element_type=\"widget\" data-widget_type=\"image-box.default\">\n\t\t\t\t\t<div class=\"elementor-image-box-wrapper\"><figure class=\"elementor-image-box-img\"><img loading=\"lazy\" decoding=\"async\" width=\"140\" height=\"140\" src=\"https:\/\/constantinianorder.com\/wp-content\/uploads\/2025\/10\/Insigne-Real-Ordine-di-San-Ferdinando-e-del-Merito.webp\" class=\"attachment-full size-full wp-image-2654\" alt=\"Insigne Real Ordine di San Ferdinando e del Merito\" \/><\/figure><div class=\"elementor-image-box-content\"><h3 class=\"elementor-image-box-title\">Ilustre Real Orden de San Fernando y del M\u00e9rito<\/h3><\/div><\/div>\t\t\t\t<\/div>\n\t\t\t\t<div class=\"elementor-element elementor-element-34ab5d9 elementor-widget elementor-widget-text-editor\" data-id=\"34ab5d9\" data-element_type=\"widget\" data-widget_type=\"text-editor.default\">\n\t\t\t\t\t\t\t\t\t<p>La Insigne Real Orden de San Fernando y del M\u00e9rito fue instituida el 1 de abril de 1800 por Fernando\u202fIV, Rey de N\u00e1poles y Sicilia, para recompensar a aquellos que hubieran prestado servicios muy importantes y demostrado una extraordinaria fidelidad al Jefe de la Casa Real y a la Familia Real.<\/p><p>\u00a0<\/p><p>En 1810 el Rey corrigi\u00f3 los estatutos.<\/p><p>\u00a0<\/p><p>La Orden se divide en tres clases.<\/p><p>\u00a0<\/p><p>Caballeros de Gran Cruz: banda, cruz y placa. Caballeros Comendadores: lazo de cuello y cruz. Caballeros: lazo y cruz a botones.<\/p><p>\u00a0<\/p><p>Siguen los Condecorados medalla de oro y plata.<\/p><p>\u00a0<\/p><p>La condecoraci\u00f3n se compone de un escudo redondo de oro con la imagen de San Fernando, bordado con un c\u00edrculo en esmalte azul con las palabras \u201cFIDEI ET MERITO\u201d, seis rayos de oro en redondo, con azucenas esmaltadas de blanco. La Corona Real superpuesta,.\u2028En el reverso del escudo redondo, en su centro, est\u00e1 la inscripci\u00f3n \u201cFERD. IV. INST: ANNO 1800\u201d.<\/p><p>\u00a0<\/p><p>El lazo es azul con bastillas rojas oscuras.<\/p>\t\t\t\t\t\t\t\t<\/div>\n\t\t\t\t<div class=\"elementor-element elementor-element-22631f9 elementor-position-left elementor-position-left elementor-position-left elementor-vertical-align-middle elementor-widget elementor-widget-image-box\" data-id=\"22631f9\" data-element_type=\"widget\" data-widget_type=\"image-box.default\">\n\t\t\t\t\t<div class=\"elementor-image-box-wrapper\"><figure class=\"elementor-image-box-img\"><img loading=\"lazy\" decoding=\"async\" width=\"140\" height=\"140\" src=\"https:\/\/constantinianorder.com\/wp-content\/uploads\/2025\/10\/Real-Ordine-Militare-di-San-Giorgio-della-Riunione.webp\" class=\"attachment-full size-full wp-image-2657\" alt=\"Real Ordine Militare di San Giorgio della Riunione\" \/><\/figure><div class=\"elementor-image-box-content\"><h3 class=\"elementor-image-box-title\">Orden Real Militar de San Jorge de la Reuni\u00f3n<\/h3><\/div><\/div>\t\t\t\t<\/div>\n\t\t\t\t<div class=\"elementor-element elementor-element-1fb7059 elementor-widget elementor-widget-text-editor\" data-id=\"1fb7059\" data-element_type=\"widget\" data-widget_type=\"text-editor.default\">\n\t\t\t\t\t\t\t\t\t<p>El Rey Ferdinando I, Rey de las Dos Sicilias, lo realiz\u00f3 el 1 Enero 1819 para premiar los valores y los m\u00e9ritos militares y fue nombrado as\u00ed para celebrar la reuni\u00f3n de los dominios en un \u00fanico reino porque estaban cerca y m\u00e1s all\u00e1 del Faro (N\u00e1poles y Sicilia).<\/p><p>\u00a0<\/p><p>Los reglamentos fueron reformados por el Rey Francisco I en 1829 y por el Rey Ferdinando II en 1850.<\/p><p>\u00a0<\/p><p>La \u00f3rden est\u00e1 dividida en ocho grados : los Caballeros de Gran Cruz que tienen una cinta en el cuello, la cruz y la placa ; los Grandes Oficiales que se visten con una cinta en el cuello, una cruz sin la imag\u00e9n de San Jorge y una placa de rayos reducida ; los Comendadores tienen una cinta en el cuello y una cruz ; los Oficiales llevan cinta, una borla peque\u00f1a y una cruz con botones ; los Caballeros de Derecho, con cinta y cruz con botones ; los Caballeros de Gracia, con cinta y cruz con botones, la Medalla de oro y la Medalla de plata.<\/p><p>\u00a0<\/p><p>La decoraci\u00f3n se compone de la cruz (flor de lis) roja rub\u00ed, en el centro est\u00e1 el esmalte redondo blanco donde se encuentra la imag\u00e9n de San Jorge. El Santo est\u00e1 a caballo y pincha al drag\u00f3n. Est\u00e1 rodeado de un esmalte circular azul claro que lleva el lema \u201cIN HOC SIGNO VINCES\u201d y una guirnalda de laurel. Los \u00e1ngulos de la cruz est\u00e1n atados a dos espadas cruzadas. Para los caballeros de Gran Cruz, la imag\u00e9n en oro del Santo pende en la parte inferior de la cruz. Encima est\u00e1 la Corona Real.<\/p><p>\u00a0<\/p><p>En la parte posterior, se ve la palabra rendonda \u201cVIRTUTI\u201d y la imag\u00e9n del Santo en el centro.<\/p><p>\u00a0<\/p><p>La cinta es azul claro con las orillas amarillas.<\/p>\t\t\t\t\t\t\t\t<\/div>\n\t\t\t\t<div class=\"elementor-element elementor-element-22b5039 elementor-position-left elementor-position-left elementor-position-left elementor-vertical-align-middle elementor-widget elementor-widget-image-box\" data-id=\"22b5039\" data-element_type=\"widget\" data-widget_type=\"image-box.default\">\n\t\t\t\t\t<div class=\"elementor-image-box-wrapper\"><figure class=\"elementor-image-box-img\"><img loading=\"lazy\" decoding=\"async\" width=\"140\" height=\"140\" src=\"https:\/\/constantinianorder.com\/wp-content\/uploads\/2025\/10\/Real-Ordine-di-Francesco-I.webp\" class=\"attachment-full size-full wp-image-2661\" alt=\"Real Ordine di Francesco I\" \/><\/figure><div class=\"elementor-image-box-content\"><h3 class=\"elementor-image-box-title\">Orden Real de Francisco I<\/h3><\/div><\/div>\t\t\t\t<\/div>\n\t\t\t\t<div class=\"elementor-element elementor-element-c85eac9 elementor-widget elementor-widget-text-editor\" data-id=\"c85eac9\" data-element_type=\"widget\" data-widget_type=\"text-editor.default\">\n\t\t\t\t\t\t\t\t\t<p>La Real Orden de Francisco I fue establecida y reconocida por decreto el 28 de septiembre de 1829 como Orden Real, principalmente para recompensar los m\u00e9ritos civiles de los miembros del gobierno, diplom\u00e1ticos, oficiales del ej\u00e9rcito y miembros del clero, junto con aquellos que hayan obtenido logros considerables en los campos del comercio, las ciencias, las artes, las letras y la literatura. La Real Orden de Francisco I nunca ha sido exclusivamente cat\u00f3lica romana desde su origen y los caballeros y damas no tienen que profesar necesariamente la fe cat\u00f3lica romana, aunque se espera que participen en las actividades humanitarias y caritativas de las \u00f3rdenes din\u00e1sticas de la Casa Real de Borb\u00f3n de las Dos Sicilias.<\/p><p>\u00a0<\/p><p>Entre los miembros actuales de la Orden se encuentran personalidades de edad avanzada de todas las confesiones cristianas y de otras religiones.<\/p><p>\u00a0<\/p><p>La Orden Real de Francisco I, junto con la Orden filial de la Sagrada Orden Militar Constantiniana de San Jorge, contin\u00faa su liderazgo en la direcci\u00f3n entre las asociaciones laicas Cat\u00f3licas y cofrad\u00edas, en su compromiso con la Iglesia y el di\u00e1logo interreligioso.<\/p>\t\t\t\t\t\t\t\t<\/div>\n\t\t\t\t<\/div>\n\t\t<div class=\"elementor-element elementor-element-2b9d8ec e-con-full e-flex e-con e-child\" data-id=\"2b9d8ec\" data-element_type=\"container\" data-settings=\"{&quot;background_background&quot;:&quot;classic&quot;}\">\n\t\t\t\t<div class=\"elementor-element elementor-element-d60e63c elementor-widget elementor-widget-heading\" data-id=\"d60e63c\" data-element_type=\"widget\" data-widget_type=\"heading.default\">\n\t\t\t\t\t<h2 class=\"elementor-heading-title elementor-size-default\">Condecoraciones<\/h2>\t\t\t\t<\/div>\n\t\t\t\t<div class=\"elementor-element elementor-element-3b833d4 elementor-widget elementor-widget-heading\" data-id=\"3b833d4\" data-element_type=\"widget\" data-widget_type=\"heading.default\">\n\t\t\t\t\t<h2 class=\"elementor-heading-title elementor-size-default\">Insigne Real Orden de San Jenaro<\/h2>\t\t\t\t<\/div>\n\t\t\t\t<div class=\"elementor-element elementor-element-edad472 elementor-widget-tablet__width-inherit elementor-widget elementor-widget-image\" data-id=\"edad472\" data-element_type=\"widget\" data-widget_type=\"image.default\">\n\t\t\t\t\t\t\t\t\t\t\t\t\t\t\t\t<a href=\"https:\/\/constantinianorder.com\/wp-content\/uploads\/2025\/11\/ordini-cavallereschi-insigne-real-ordine-di-san-gennaro.webp\" data-elementor-open-lightbox=\"yes\" data-elementor-lightbox-title=\"Insigne Real Orden de San Jenaro\" data-e-action-hash=\"#elementor-action%3Aaction%3Dlightbox%26settings%3DeyJpZCI6OTUyOTIsInVybCI6Imh0dHBzOlwvXC9jb25zdGFudGluaWFub3JkZXIuY29tXC93cC1jb250ZW50XC91cGxvYWRzXC8yMDI1XC8xMVwvb3JkaW5pLWNhdmFsbGVyZXNjaGktaW5zaWduZS1yZWFsLW9yZGluZS1kaS1zYW4tZ2VubmFyby53ZWJwIn0%3D\">\n\t\t\t\t\t\t\t<img loading=\"lazy\" decoding=\"async\" width=\"600\" height=\"758\" src=\"https:\/\/constantinianorder.com\/wp-content\/uploads\/2025\/11\/ordini-cavallereschi-insigne-real-ordine-di-san-gennaro.webp\" class=\"attachment-full size-full wp-image-95292\" alt=\"Insigne Real Orden de San Jenaro\" srcset=\"https:\/\/constantinianorder.com\/wp-content\/uploads\/2025\/11\/ordini-cavallereschi-insigne-real-ordine-di-san-gennaro.webp 600w, https:\/\/constantinianorder.com\/wp-content\/uploads\/2025\/11\/ordini-cavallereschi-insigne-real-ordine-di-san-gennaro-237x300.jpg 237w\" sizes=\"(max-width: 600px) 100vw, 600px\" \/>\t\t\t\t\t\t\t\t<\/a>\n\t\t\t\t\t\t\t\t\t\t\t\t\t\t\t<\/div>\n\t\t\t\t<div class=\"elementor-element elementor-element-858174c elementor-widget-tablet__width-inherit elementor-widget elementor-widget-image\" data-id=\"858174c\" data-element_type=\"widget\" data-widget_type=\"image.default\">\n\t\t\t\t\t\t\t\t\t\t\t\t\t\t\t<img fetchpriority=\"high\" decoding=\"async\" width=\"512\" height=\"512\" src=\"https:\/\/constantinianorder.com\/wp-content\/uploads\/2025\/10\/cropped-logo-costantiniano.webp\" class=\"attachment-full size-full wp-image-1066\" alt=\"sacro militare ordine costantiniano di san giorgio\" \/>\t\t\t\t\t\t\t\t\t\t\t\t\t\t\t<\/div>\n\t\t\t\t<div class=\"elementor-element elementor-element-54b8d0b elementor-widget elementor-widget-heading\" data-id=\"54b8d0b\" data-element_type=\"widget\" data-widget_type=\"heading.default\">\n\t\t\t\t\t<h2 class=\"elementor-heading-title elementor-size-default\">Ilustre Real Orden de San Fernando y del M\u00e9rito<\/h2>\t\t\t\t<\/div>\n\t\t\t\t<div class=\"elementor-element elementor-element-2fbeb29 elementor-widget-tablet__width-inherit elementor-widget elementor-widget-image\" data-id=\"2fbeb29\" data-element_type=\"widget\" data-widget_type=\"image.default\">\n\t\t\t\t\t\t\t\t\t\t\t\t\t\t\t\t<a href=\"https:\/\/constantinianorder.com\/wp-content\/uploads\/2025\/11\/ordinei-cavallereschi-insigne-real-ordine-di-san-ferdinando-e-del-merito.webp\" data-elementor-open-lightbox=\"yes\" data-elementor-lightbox-title=\"Ilustre Real Orden de San Fernando y del M\u00e9rito\" data-e-action-hash=\"#elementor-action%3Aaction%3Dlightbox%26settings%3DeyJpZCI6OTUyODgsInVybCI6Imh0dHBzOlwvXC9jb25zdGFudGluaWFub3JkZXIuY29tXC93cC1jb250ZW50XC91cGxvYWRzXC8yMDI1XC8xMVwvb3JkaW5laS1jYXZhbGxlcmVzY2hpLWluc2lnbmUtcmVhbC1vcmRpbmUtZGktc2FuLWZlcmRpbmFuZG8tZS1kZWwtbWVyaXRvLndlYnAifQ%3D%3D\">\n\t\t\t\t\t\t\t<img loading=\"lazy\" decoding=\"async\" width=\"600\" height=\"747\" src=\"https:\/\/constantinianorder.com\/wp-content\/uploads\/2025\/11\/ordinei-cavallereschi-insigne-real-ordine-di-san-ferdinando-e-del-merito.webp\" class=\"attachment-full size-full wp-image-95288\" alt=\"Ilustre Real Orden de San Fernando y del M\u00e9rito\" srcset=\"https:\/\/constantinianorder.com\/wp-content\/uploads\/2025\/11\/ordinei-cavallereschi-insigne-real-ordine-di-san-ferdinando-e-del-merito.webp 600w, https:\/\/constantinianorder.com\/wp-content\/uploads\/2025\/11\/ordinei-cavallereschi-insigne-real-ordine-di-san-ferdinando-e-del-merito-241x300.jpg 241w\" sizes=\"(max-width: 600px) 100vw, 600px\" \/>\t\t\t\t\t\t\t\t<\/a>\n\t\t\t\t\t\t\t\t\t\t\t\t\t\t\t<\/div>\n\t\t\t\t<div class=\"elementor-element elementor-element-d586a40 elementor-widget-tablet__width-inherit elementor-widget elementor-widget-image\" data-id=\"d586a40\" data-element_type=\"widget\" data-widget_type=\"image.default\">\n\t\t\t\t\t\t\t\t\t\t\t\t\t\t\t<img fetchpriority=\"high\" decoding=\"async\" width=\"512\" height=\"512\" src=\"https:\/\/constantinianorder.com\/wp-content\/uploads\/2025\/10\/cropped-logo-costantiniano.webp\" class=\"attachment-full size-full wp-image-1066\" alt=\"sacro militare ordine costantiniano di san giorgio\" \/>\t\t\t\t\t\t\t\t\t\t\t\t\t\t\t<\/div>\n\t\t\t\t<div class=\"elementor-element elementor-element-2f597af elementor-widget elementor-widget-heading\" data-id=\"2f597af\" data-element_type=\"widget\" data-widget_type=\"heading.default\">\n\t\t\t\t\t<h2 class=\"elementor-heading-title elementor-size-default\">Orden Real Militar de San Jorge de la Reuni\u00f3n<\/h2>\t\t\t\t<\/div>\n\t\t\t\t<div class=\"elementor-element elementor-element-90335e3 elementor-widget-tablet__width-inherit elementor-widget elementor-widget-image\" data-id=\"90335e3\" data-element_type=\"widget\" data-widget_type=\"image.default\">\n\t\t\t\t\t\t\t\t\t\t\t\t\t\t\t\t<a href=\"https:\/\/constantinianorder.com\/wp-content\/uploads\/2025\/12\/Real-Ordine-Militare-di-San-Giorgio-della-Riunione3.jpg\" data-elementor-open-lightbox=\"yes\" data-elementor-lightbox-title=\"Orden Real Militar de San Jorge de la Reuni\u00f3n\" data-e-action-hash=\"#elementor-action%3Aaction%3Dlightbox%26settings%3DeyJpZCI6OTg5MTcsInVybCI6Imh0dHBzOlwvXC9jb25zdGFudGluaWFub3JkZXIuY29tXC93cC1jb250ZW50XC91cGxvYWRzXC8yMDI1XC8xMlwvUmVhbC1PcmRpbmUtTWlsaXRhcmUtZGktU2FuLUdpb3JnaW8tZGVsbGEtUml1bmlvbmUzLndlYnAifQ%3D%3D\">\n\t\t\t\t\t\t\t<img loading=\"lazy\" decoding=\"async\" width=\"600\" height=\"845\" src=\"https:\/\/constantinianorder.com\/wp-content\/uploads\/2025\/12\/Real-Ordine-Militare-di-San-Giorgio-della-Riunione3.webp\" class=\"attachment-full size-full wp-image-98917\" alt=\"Orden Real Militar de San Jorge de la Reuni\u00f3n\" \/>\t\t\t\t\t\t\t\t<\/a>\n\t\t\t\t\t\t\t\t\t\t\t\t\t\t\t<\/div>\n\t\t\t\t<div class=\"elementor-element elementor-element-c396e1a elementor-widget-tablet__width-inherit elementor-widget elementor-widget-image\" data-id=\"c396e1a\" data-element_type=\"widget\" data-widget_type=\"image.default\">\n\t\t\t\t\t\t\t\t\t\t\t\t\t\t\t<img fetchpriority=\"high\" decoding=\"async\" width=\"512\" height=\"512\" src=\"https:\/\/constantinianorder.com\/wp-content\/uploads\/2025\/10\/cropped-logo-costantiniano.webp\" class=\"attachment-full size-full wp-image-1066\" alt=\"sacro militare ordine costantiniano di san giorgio\" \/>\t\t\t\t\t\t\t\t\t\t\t\t\t\t\t<\/div>\n\t\t\t\t<div class=\"elementor-element elementor-element-d0dd07b elementor-widget elementor-widget-heading\" data-id=\"d0dd07b\" data-element_type=\"widget\" data-widget_type=\"heading.default\">\n\t\t\t\t\t<h2 class=\"elementor-heading-title elementor-size-default\">Orden Real de Francisco I<\/h2>\t\t\t\t<\/div>\n\t\t\t\t<div class=\"elementor-element elementor-element-e19bb22 elementor-widget-tablet__width-inherit elementor-widget elementor-widget-image\" data-id=\"e19bb22\" data-element_type=\"widget\" data-widget_type=\"image.default\">\n\t\t\t\t\t\t\t\t\t\t\t\t\t\t\t\t<a href=\"https:\/\/constantinianorder.com\/wp-content\/uploads\/2025\/11\/ordini-cavallereschi-real-ordine-di-francesco-i.webp\" data-elementor-open-lightbox=\"yes\" data-elementor-lightbox-title=\"Orden Real de Francisco I\" data-e-action-hash=\"#elementor-action%3Aaction%3Dlightbox%26settings%3DeyJpZCI6OTUyOTYsInVybCI6Imh0dHBzOlwvXC9jb25zdGFudGluaWFub3JkZXIuY29tXC93cC1jb250ZW50XC91cGxvYWRzXC8yMDI1XC8xMVwvb3JkaW5pLWNhdmFsbGVyZXNjaGktcmVhbC1vcmRpbmUtZGktZnJhbmNlc2NvLWkud2VicCJ9\">\n\t\t\t\t\t\t\t<img loading=\"lazy\" decoding=\"async\" width=\"600\" height=\"845\" src=\"https:\/\/constantinianorder.com\/wp-content\/uploads\/2025\/11\/ordini-cavallereschi-real-ordine-di-francesco-i.webp\" class=\"attachment-full size-full wp-image-95296\" alt=\"Orden Real de Francisco I\" \/>\t\t\t\t\t\t\t\t<\/a>\n\t\t\t\t\t\t\t\t\t\t\t\t\t\t\t<\/div>\n\t\t\t\t<\/div>\n\t\t\t\t\t<\/div>\n\t\t\t\t<\/div>\n\t\t\t\t<\/div>\n\t\t","protected":false},"excerpt":{"rendered":"<p>Insigne Real Orden de San Jenaro Insigne Real Orden de San Jenaro, la orden caballeresca cat\u00f3lica de antiguas ra\u00edces, que hoy se encuentra bajo el Gran Magisterio de la Real Casa de Borb\u00f3n de las Dos Sicilias, y que promueve la fe, la caridad y el compromiso social inspirados en los valores cristianos. constantinianorder.net Real [&hellip;]<\/p>\n","protected":false},"author":2,"featured_media":0,"parent":0,"menu_order":0,"comment_status":"closed","ping_status":"closed","template":"elementor_header_footer","meta":{"footnotes":""},"class_list":["post-95435","page","type-page","status-publish","hentry"],"yoast_head":"<!-- This site is optimized with the Yoast SEO plugin v26.5 - https:\/\/yoast.com\/wordpress\/plugins\/seo\/ -->\n<title>\u00d3rdenes de caballer\u00eda - Sacro Militare Ordine Costantiniano di San Giorgio<\/title>\n<meta name=\"description\" content=\"\u00d3rdenes de Caballer\u00eda: identidad, historia y organizaci\u00f3n moderna del Sacro Militar Orden Constantiniano de San Jorge.\" \/>\n<meta name=\"robots\" content=\"index, follow, max-snippet:-1, max-image-preview:large, max-video-preview:-1\" \/>\n<link rel=\"canonical\" href=\"https:\/\/constantinianorder.com\/ordini-cavallereschi\/\" \/>\n<meta property=\"og:locale\" content=\"es_ES\" \/>\n<meta property=\"og:type\" content=\"article\" \/>\n<meta property=\"og:title\" content=\"\u00d3rdenes de caballer\u00eda - Sacro Militare Ordine Costantiniano di San Giorgio\" \/>\n<meta property=\"og:description\" content=\"\u00d3rdenes de Caballer\u00eda: identidad, historia y organizaci\u00f3n moderna del Sacro Militar Orden Constantiniano de San Jorge.\" \/>\n<meta property=\"og:url\" content=\"https:\/\/constantinianorder.com\/ordini-cavallereschi\/\" \/>\n<meta property=\"og:site_name\" content=\"Sacro Militare Ordine Costantiniano di San Giorgio\" \/>\n<meta property=\"article:publisher\" content=\"https:\/\/www.facebook.com\/constantinianorder\" \/>\n<meta property=\"article:modified_time\" content=\"2025-12-02T19:08:37+00:00\" \/>\n<meta property=\"og:image\" content=\"https:\/\/constantinianorder.com\/wp-content\/uploads\/2025\/10\/cropped-logo-costantiniano.webp\" \/>\n\t<meta property=\"og:image:width\" content=\"512\" \/>\n\t<meta property=\"og:image:height\" content=\"512\" \/>\n\t<meta property=\"og:image:type\" content=\"image\/png\" \/>\n<meta name=\"twitter:card\" content=\"summary_large_image\" \/>\n<meta name=\"twitter:label1\" content=\"Tiempo de lectura\" \/>\n\t<meta name=\"twitter:data1\" content=\"7 minutos\" \/>\n<script type=\"application\/ld+json\" class=\"yoast-schema-graph\">{\"@context\":\"https:\/\/schema.org\",\"@graph\":[{\"@type\":\"WebPage\",\"@id\":\"https:\/\/constantinianorder.com\/ordini-cavallereschi\/\",\"url\":\"https:\/\/constantinianorder.com\/ordini-cavallereschi\/\",\"name\":\"\u00d3rdenes de caballer\u00eda - Sacro Militare Ordine Costantiniano di San Giorgio\",\"isPartOf\":{\"@id\":\"https:\/\/constantinianorder.com\/#website\"},\"primaryImageOfPage\":{\"@id\":\"https:\/\/constantinianorder.com\/ordini-cavallereschi\/#primaryimage\"},\"image\":{\"@id\":\"https:\/\/constantinianorder.com\/ordini-cavallereschi\/#primaryimage\"},\"thumbnailUrl\":\"https:\/\/constantinianorder.com\/wp-content\/uploads\/2025\/10\/cropped-logo-costantiniano.webp\",\"datePublished\":\"2025-10-11T15:48:48+00:00\",\"dateModified\":\"2025-12-02T19:08:37+00:00\",\"description\":\"\u00d3rdenes de Caballer\u00eda: identidad, historia y organizaci\u00f3n moderna del Sacro Militar Orden Constantiniano de San Jorge.\",\"breadcrumb\":{\"@id\":\"https:\/\/constantinianorder.com\/ordini-cavallereschi\/#breadcrumb\"},\"inLanguage\":\"es\",\"potentialAction\":[{\"@type\":\"ReadAction\",\"target\":[\"https:\/\/constantinianorder.com\/ordini-cavallereschi\/\"]}]},{\"@type\":\"ImageObject\",\"inLanguage\":\"es\",\"@id\":\"https:\/\/constantinianorder.com\/ordini-cavallereschi\/#primaryimage\",\"url\":\"https:\/\/constantinianorder.com\/wp-content\/uploads\/2025\/10\/cropped-logo-costantiniano.webp\",\"contentUrl\":\"https:\/\/constantinianorder.com\/wp-content\/uploads\/2025\/10\/cropped-logo-costantiniano.webp\"},{\"@type\":\"BreadcrumbList\",\"@id\":\"https:\/\/constantinianorder.com\/ordini-cavallereschi\/#breadcrumb\",\"itemListElement\":[{\"@type\":\"ListItem\",\"position\":1,\"name\":\"Home\",\"item\":\"https:\/\/constantinianorder.com\/en\/\"},{\"@type\":\"ListItem\",\"position\":2,\"name\":\"\u00d3rdenes de caballer\u00eda\"}]},{\"@type\":\"WebSite\",\"@id\":\"https:\/\/constantinianorder.com\/#website\",\"url\":\"https:\/\/constantinianorder.com\/\",\"name\":\"Sacro Militare Ordine Costantiniano di San Giorgio\",\"description\":\"Ordine Ufficiale\",\"publisher\":{\"@id\":\"https:\/\/constantinianorder.com\/#organization\"},\"potentialAction\":[{\"@type\":\"SearchAction\",\"target\":{\"@type\":\"EntryPoint\",\"urlTemplate\":\"https:\/\/constantinianorder.com\/?s={search_term_string}\"},\"query-input\":{\"@type\":\"PropertyValueSpecification\",\"valueRequired\":true,\"valueName\":\"search_term_string\"}}],\"inLanguage\":\"es\"},{\"@type\":\"Organization\",\"@id\":\"https:\/\/constantinianorder.com\/#organization\",\"name\":\"Sacro Militare Ordine Costantiniano di San Giorgio\",\"url\":\"https:\/\/constantinianorder.com\/\",\"logo\":{\"@type\":\"ImageObject\",\"inLanguage\":\"es\",\"@id\":\"https:\/\/constantinianorder.com\/#\/schema\/logo\/image\/\",\"url\":\"https:\/\/constantinianorder.com\/wp-content\/uploads\/2025\/10\/cropped-logo-costantiniano.png\",\"contentUrl\":\"https:\/\/constantinianorder.com\/wp-content\/uploads\/2025\/10\/cropped-logo-costantiniano.png\",\"width\":512,\"height\":512,\"caption\":\"Sacro Militare Ordine Costantiniano di San Giorgio\"},\"image\":{\"@id\":\"https:\/\/constantinianorder.com\/#\/schema\/logo\/image\/\"},\"sameAs\":[\"https:\/\/www.facebook.com\/constantinianorder\",\"https:\/\/www.instagram.com\/constantinianorder\/\",\"https:\/\/www.youtube.com\/@granmagisterodelsacromilit9375\"]}]}<\/script>\n<!-- \/ Yoast SEO plugin. -->","yoast_head_json":{"title":"\u00d3rdenes de caballer\u00eda - Sacro Militare Ordine Costantiniano di San Giorgio","description":"\u00d3rdenes de Caballer\u00eda: identidad, historia y organizaci\u00f3n moderna del Sacro Militar Orden Constantiniano de San Jorge.","robots":{"index":"index","follow":"follow","max-snippet":"max-snippet:-1","max-image-preview":"max-image-preview:large","max-video-preview":"max-video-preview:-1"},"canonical":"https:\/\/constantinianorder.com\/ordini-cavallereschi\/","og_locale":"es_ES","og_type":"article","og_title":"\u00d3rdenes de caballer\u00eda - Sacro Militare Ordine Costantiniano di San Giorgio","og_description":"\u00d3rdenes de Caballer\u00eda: identidad, historia y organizaci\u00f3n moderna del Sacro Militar Orden Constantiniano de San Jorge.","og_url":"https:\/\/constantinianorder.com\/ordini-cavallereschi\/","og_site_name":"Sacro Militare Ordine Costantiniano di San Giorgio","article_publisher":"https:\/\/www.facebook.com\/constantinianorder","article_modified_time":"2025-12-02T19:08:37+00:00","og_image":[{"width":512,"height":512,"url":"https:\/\/constantinianorder.com\/wp-content\/uploads\/2025\/10\/cropped-logo-costantiniano.webp","type":"image\/png"}],"twitter_card":"summary_large_image","twitter_misc":{"Tiempo de lectura":"7 minutos"},"schema":{"@context":"https:\/\/schema.org","@graph":[{"@type":"WebPage","@id":"https:\/\/constantinianorder.com\/ordini-cavallereschi\/","url":"https:\/\/constantinianorder.com\/ordini-cavallereschi\/","name":"\u00d3rdenes de caballer\u00eda - Sacro Militare Ordine Costantiniano di San Giorgio","isPartOf":{"@id":"https:\/\/constantinianorder.com\/#website"},"primaryImageOfPage":{"@id":"https:\/\/constantinianorder.com\/ordini-cavallereschi\/#primaryimage"},"image":{"@id":"https:\/\/constantinianorder.com\/ordini-cavallereschi\/#primaryimage"},"thumbnailUrl":"https:\/\/constantinianorder.com\/wp-content\/uploads\/2025\/10\/cropped-logo-costantiniano.webp","datePublished":"2025-10-11T15:48:48+00:00","dateModified":"2025-12-02T19:08:37+00:00","description":"\u00d3rdenes de Caballer\u00eda: identidad, historia y organizaci\u00f3n moderna del Sacro Militar Orden Constantiniano de San Jorge.","breadcrumb":{"@id":"https:\/\/constantinianorder.com\/ordini-cavallereschi\/#breadcrumb"},"inLanguage":"es","potentialAction":[{"@type":"ReadAction","target":["https:\/\/constantinianorder.com\/ordini-cavallereschi\/"]}]},{"@type":"ImageObject","inLanguage":"es","@id":"https:\/\/constantinianorder.com\/ordini-cavallereschi\/#primaryimage","url":"https:\/\/constantinianorder.com\/wp-content\/uploads\/2025\/10\/cropped-logo-costantiniano.webp","contentUrl":"https:\/\/constantinianorder.com\/wp-content\/uploads\/2025\/10\/cropped-logo-costantiniano.webp"},{"@type":"BreadcrumbList","@id":"https:\/\/constantinianorder.com\/ordini-cavallereschi\/#breadcrumb","itemListElement":[{"@type":"ListItem","position":1,"name":"Home","item":"https:\/\/constantinianorder.com\/en\/"},{"@type":"ListItem","position":2,"name":"\u00d3rdenes de caballer\u00eda"}]},{"@type":"WebSite","@id":"https:\/\/constantinianorder.com\/#website","url":"https:\/\/constantinianorder.com\/","name":"Sacro Militare Ordine Costantiniano di San Giorgio","description":"Ordine Ufficiale","publisher":{"@id":"https:\/\/constantinianorder.com\/#organization"},"potentialAction":[{"@type":"SearchAction","target":{"@type":"EntryPoint","urlTemplate":"https:\/\/constantinianorder.com\/?s={search_term_string}"},"query-input":{"@type":"PropertyValueSpecification","valueRequired":true,"valueName":"search_term_string"}}],"inLanguage":"es"},{"@type":"Organization","@id":"https:\/\/constantinianorder.com\/#organization","name":"Sacro Militare Ordine Costantiniano di San Giorgio","url":"https:\/\/constantinianorder.com\/","logo":{"@type":"ImageObject","inLanguage":"es","@id":"https:\/\/constantinianorder.com\/#\/schema\/logo\/image\/","url":"https:\/\/constantinianorder.com\/wp-content\/uploads\/2025\/10\/cropped-logo-costantiniano.png","contentUrl":"https:\/\/constantinianorder.com\/wp-content\/uploads\/2025\/10\/cropped-logo-costantiniano.png","width":512,"height":512,"caption":"Sacro Militare Ordine Costantiniano di San Giorgio"},"image":{"@id":"https:\/\/constantinianorder.com\/#\/schema\/logo\/image\/"},"sameAs":["https:\/\/www.facebook.com\/constantinianorder","https:\/\/www.instagram.com\/constantinianorder\/","https:\/\/www.youtube.com\/@granmagisterodelsacromilit9375"]}]}},"_links":{"self":[{"href":"https:\/\/constantinianorder.com\/es\/wp-json\/wp\/v2\/pages\/95435","targetHints":{"allow":["GET"]}}],"collection":[{"href":"https:\/\/constantinianorder.com\/es\/wp-json\/wp\/v2\/pages"}],"about":[{"href":"https:\/\/constantinianorder.com\/es\/wp-json\/wp\/v2\/types\/page"}],"author":[{"embeddable":true,"href":"https:\/\/constantinianorder.com\/es\/wp-json\/wp\/v2\/users\/2"}],"replies":[{"embeddable":true,"href":"https:\/\/constantinianorder.com\/es\/wp-json\/wp\/v2\/comments?post=95435"}],"version-history":[{"count":16,"href":"https:\/\/constantinianorder.com\/es\/wp-json\/wp\/v2\/pages\/95435\/revisions"}],"predecessor-version":[{"id":98937,"href":"https:\/\/constantinianorder.com\/es\/wp-json\/wp\/v2\/pages\/95435\/revisions\/98937"}],"wp:attachment":[{"href":"https:\/\/constantinianorder.com\/es\/wp-json\/wp\/v2\/media?parent=95435"}],"curies":[{"name":"wp","href":"https:\/\/api.w.org\/{rel}","templated":true}]}}